{"id":38,"date":"2019-04-17T10:40:18","date_gmt":"2019-04-17T13:40:18","guid":{"rendered":"http:\/\/sef.ufms.br\/viii\/?page_id=38"},"modified":"2023-09-14T15:42:31","modified_gmt":"2023-09-14T19:42:31","slug":"inscricoes","status":"publish","type":"page","link":"https:\/\/sef-cpan.ufms.br\/viii\/inscricoes\/","title":{"rendered":"Inscri\u00e7\u00f5es"},"content":{"rendered":"\n<p>Clique abaixo para se inscrever. <\/p>\n\n\n\n<figure class=\"wp-block-table\"><table><tbody><tr><td>\n  Participantes\n  <\/td><td>De 14\/08\/2023<br>a 12\/09\/2023<\/td><td>De 13\/09\/2023<br>a 26\/09\/2023<\/td><\/tr><tr><td>Estudante de gradua\u00e7\u00e3o    <br>Docente da Educa\u00e7\u00e3o B\u00e1sica   <\/td><td>  R$ 60,00  <\/td><td>   R$ 100,00<\/td><\/tr><tr><td>Estudante de p\u00f3s-gradua\u00e7\u00e3o<br>   <\/td><td>  R$ 120,00<\/td><td>   R$ 160,00<\/td><\/tr><tr><td>Profissionais    <br>Docentes do Ensino Superior   <\/td><td>  R$ 160,00<\/td><td>   R$ 200,00<\/td><\/tr><tr><td>Convidados   <\/td><td>  Isento   <\/td><td>\n  Isento\n  <\/td><\/tr><tr><td>Comiss\u00e3o Organizadora<\/td><td>  Isenta<\/td><td>   Isenta<\/td><\/tr><\/tbody><\/table><\/figure>\n\n\n\n<div class=\"wp-block-button aligncenter\"><a class=\"wp-block-button__link has-white-color has-vivid-red-background-color has-text-color has-background wp-element-button\" href=\"https:\/\/forms.gle\/4A9aa7wQTX6TEQk57\" target=\"_blank\" rel=\"noreferrer noopener\">INSCREVA-SE<\/a><\/div>\n\n\n<p><\/p>\n<p style=\"text-align: justify;\">Durante o processo de pagamento, deve-se clicar sobre as palavras POL\u00cdTICA DE PRIVACIDADE para abrir a caixa com o texto, que deve ser assinalado para avan\u00e7ar no processo de inscri\u00e7\u00e3o. O comprovante de pagamento ser\u00e1 disponibilizado na p\u00e1gina de acesso do inscrito na FAPEC.<\/p>\n\n\n<p><\/p>\n\n\n\n<div class=\"wp-block-buttons is-content-justification-center is-layout-flex wp-container-core-buttons-layout-1 wp-block-buttons-is-layout-flex\">\n<div class=\"wp-block-button\"><a class=\"wp-block-button__link has-white-color has-text-color has-background wp-element-button\" href=\"https:\/\/conveniar.fapec.org\/Eventos\/Forms\/Servicos\/EventoDados.aspx?action=33\" style=\"background:linear-gradient(269deg,rgba(252,185,0,1) 0%,rgba(255,105,0,1) 100%)\">PAGAMENTO<\/a><\/div>\n<\/div>\n\n\n<p><\/p>\n<p style=\"text-align: justify;\">Clique aqui para enviar seu comprovante de inscri\u00e7\u00e3o no evento. Lembre-se de nomear o arquivo (JPEG ou PDF) com seu nome e sobrenome, independentemente de quem efetuou o pagamento. Residentes no exterior poder\u00e3o efetuar o pagamento no credenciamento, assim como os demais participantes que ainda n\u00e3o pagaram.<\/p>\n\n\n<p class=\"has-cyan-bluish-gray-color has-text-color\"><\/p>\n\n\n\n<div class=\"wp-block-button aligncenter\"><a class=\"wp-block-button__link has-white-color has-text-color wp-element-button\" href=\"https:\/\/forms.gle\/2eaDsx68wxrdcknP6\" target=\"_blank\" rel=\"noreferrer noopener\">COMPROVANTE<\/a><\/div>\n\n\n<p><\/p>\n<p style=\"text-align: justify;\">Gostaria de lan\u00e7ar um livro com temas afins aos estudos fronteiri\u00e7os durante o evento? O lan\u00e7amento de livros ser\u00e1 realizado no dia 28 de setembro de 2023 \u00e0 noite. \u00c9 importante que pelo menos um(a) autor(a) esteja presente!<\/p>\n\n\n<div class=\"wp-block-button aligncenter\"><a class=\"wp-block-button__link has-white-color has-text-color has-background wp-element-button\" href=\"https:\/\/forms.gle\/PiJk1jFhRzEkzHYN8\" style=\"background-color:#d5610e\">INSCREVER LIVRO<\/a><\/div>\n","protected":false},"excerpt":{"rendered":"<p>Clique abaixo para se inscrever. Participantes De 14\/08\/2023a 12\/09\/2023 De 13\/09\/2023a 26\/09\/2023 Estudante de gradua\u00e7\u00e3o Docente da Educa\u00e7\u00e3o B\u00e1sica R$ 60,00 R$ 100,00 Estudante de p\u00f3s-gradua\u00e7\u00e3o R$ 120,00 R$ 160,00 Profissionais Docentes do Ensino Superior R$<a class=\"moretag\" href=\"https:\/\/sef-cpan.ufms.br\/viii\/inscricoes\/\">Read More&#8230;<\/a><\/p>\n","protected":false},"author":2,"featured_media":0,"parent":0,"menu_order":0,"comment_status":"closed","ping_status":"closed","template":"","meta":{"footnotes":""},"yoast_head":"<!-- This site is optimized with the Yoast SEO plugin v23.1 - https:\/\/yoast.com\/wordpress\/plugins\/seo\/ -->\n<title>Inscri\u00e7\u00f5es - VIII Semin\u00e1rio Internacional de Estudos Fronteiri\u00e7os - 2023<\/title>\n<meta name=\"robots\" content=\"index, follow, max-snippet:-1, max-image-preview:large, max-video-preview:-1\" \/>\n<link rel=\"canonical\" href=\"https:\/\/sef-cpan.ufms.br\/viii\/inscricoes\/\" \/>\n<meta property=\"og:locale\" content=\"pt_BR\" \/>\n<meta property=\"og:type\" content=\"article\" \/>\n<meta property=\"og:title\" content=\"Inscri\u00e7\u00f5es - VIII Semin\u00e1rio Internacional de Estudos Fronteiri\u00e7os - 2023\" \/>\n<meta property=\"og:description\" content=\"Clique abaixo para se inscrever. Participantes De 14\/08\/2023a 12\/09\/2023 De 13\/09\/2023a 26\/09\/2023 Estudante de gradua\u00e7\u00e3o Docente da Educa\u00e7\u00e3o B\u00e1sica R$ 60,00 R$ 100,00 Estudante de p\u00f3s-gradua\u00e7\u00e3o R$ 120,00 R$ 160,00 Profissionais Docentes do Ensino Superior R$Read More...\" \/>\n<meta property=\"og:url\" content=\"https:\/\/sef-cpan.ufms.br\/viii\/inscricoes\/\" \/>\n<meta property=\"og:site_name\" content=\"VIII Semin\u00e1rio Internacional de Estudos Fronteiri\u00e7os - 2023\" \/>\n<meta property=\"article:modified_time\" content=\"2023-09-14T19:42:31+00:00\" \/>\n<meta name=\"twitter:card\" content=\"summary_large_image\" \/>\n<meta name=\"twitter:label1\" content=\"Est. tempo de leitura\" \/>\n\t<meta name=\"twitter:data1\" content=\"1 minuto\" \/>\n<script type=\"application\/ld+json\" class=\"yoast-schema-graph\">{\"@context\":\"https:\/\/schema.org\",\"@graph\":[{\"@type\":\"WebPage\",\"@id\":\"https:\/\/sef-cpan.ufms.br\/viii\/inscricoes\/\",\"url\":\"https:\/\/sef-cpan.ufms.br\/viii\/inscricoes\/\",\"name\":\"Inscri\u00e7\u00f5es - VIII Semin\u00e1rio Internacional de Estudos Fronteiri\u00e7os - 2023\",\"isPartOf\":{\"@id\":\"https:\/\/sef-cpan.ufms.br\/viii\/#website\"},\"datePublished\":\"2019-04-17T13:40:18+00:00\",\"dateModified\":\"2023-09-14T19:42:31+00:00\",\"breadcrumb\":{\"@id\":\"https:\/\/sef-cpan.ufms.br\/viii\/inscricoes\/#breadcrumb\"},\"inLanguage\":\"pt-BR\",\"potentialAction\":[{\"@type\":\"ReadAction\",\"target\":[\"https:\/\/sef-cpan.ufms.br\/viii\/inscricoes\/\"]}]},{\"@type\":\"BreadcrumbList\",\"@id\":\"https:\/\/sef-cpan.ufms.br\/viii\/inscricoes\/#breadcrumb\",\"itemListElement\":[{\"@type\":\"ListItem\",\"position\":1,\"name\":\"In\u00edcio\",\"item\":\"https:\/\/sef-cpan.ufms.br\/viii\/\"},{\"@type\":\"ListItem\",\"position\":2,\"name\":\"Inscri\u00e7\u00f5es\"}]},{\"@type\":\"WebSite\",\"@id\":\"https:\/\/sef-cpan.ufms.br\/viii\/#website\",\"url\":\"https:\/\/sef-cpan.ufms.br\/viii\/\",\"name\":\"VIII Semin\u00e1rio Internacional de Estudos Fronteiri\u00e7os - 2023\",\"description\":\"Funda\u00e7\u00e3o Universidade Federal de Mato Grosso do Sul - C\u00e2mpus do Pantanal\",\"potentialAction\":[{\"@type\":\"SearchAction\",\"target\":{\"@type\":\"EntryPoint\",\"urlTemplate\":\"https:\/\/sef-cpan.ufms.br\/viii\/?s={search_term_string}\"},\"query-input\":\"required name=search_term_string\"}],\"inLanguage\":\"pt-BR\"}]}<\/script>\n<!-- \/ Yoast SEO plugin. -->","yoast_head_json":{"title":"Inscri\u00e7\u00f5es - VIII Semin\u00e1rio Internacional de Estudos Fronteiri\u00e7os - 2023","robots":{"index":"index","follow":"follow","max-snippet":"max-snippet:-1","max-image-preview":"max-image-preview:large","max-video-preview":"max-video-preview:-1"},"canonical":"https:\/\/sef-cpan.ufms.br\/viii\/inscricoes\/","og_locale":"pt_BR","og_type":"article","og_title":"Inscri\u00e7\u00f5es - VIII Semin\u00e1rio Internacional de Estudos Fronteiri\u00e7os - 2023","og_description":"Clique abaixo para se inscrever. Participantes De 14\/08\/2023a 12\/09\/2023 De 13\/09\/2023a 26\/09\/2023 Estudante de gradua\u00e7\u00e3o Docente da Educa\u00e7\u00e3o B\u00e1sica R$ 60,00 R$ 100,00 Estudante de p\u00f3s-gradua\u00e7\u00e3o R$ 120,00 R$ 160,00 Profissionais Docentes do Ensino Superior R$Read More...","og_url":"https:\/\/sef-cpan.ufms.br\/viii\/inscricoes\/","og_site_name":"VIII Semin\u00e1rio Internacional de Estudos Fronteiri\u00e7os - 2023","article_modified_time":"2023-09-14T19:42:31+00:00","twitter_card":"summary_large_image","twitter_misc":{"Est. tempo de leitura":"1 minuto"},"schema":{"@context":"https:\/\/schema.org","@graph":[{"@type":"WebPage","@id":"https:\/\/sef-cpan.ufms.br\/viii\/inscricoes\/","url":"https:\/\/sef-cpan.ufms.br\/viii\/inscricoes\/","name":"Inscri\u00e7\u00f5es - VIII Semin\u00e1rio Internacional de Estudos Fronteiri\u00e7os - 2023","isPartOf":{"@id":"https:\/\/sef-cpan.ufms.br\/viii\/#website"},"datePublished":"2019-04-17T13:40:18+00:00","dateModified":"2023-09-14T19:42:31+00:00","breadcrumb":{"@id":"https:\/\/sef-cpan.ufms.br\/viii\/inscricoes\/#breadcrumb"},"inLanguage":"pt-BR","potentialAction":[{"@type":"ReadAction","target":["https:\/\/sef-cpan.ufms.br\/viii\/inscricoes\/"]}]},{"@type":"BreadcrumbList","@id":"https:\/\/sef-cpan.ufms.br\/viii\/inscricoes\/#breadcrumb","itemListElement":[{"@type":"ListItem","position":1,"name":"In\u00edcio","item":"https:\/\/sef-cpan.ufms.br\/viii\/"},{"@type":"ListItem","position":2,"name":"Inscri\u00e7\u00f5es"}]},{"@type":"WebSite","@id":"https:\/\/sef-cpan.ufms.br\/viii\/#website","url":"https:\/\/sef-cpan.ufms.br\/viii\/","name":"VIII Semin\u00e1rio Internacional de Estudos Fronteiri\u00e7os - 2023","description":"Funda\u00e7\u00e3o Universidade Federal de Mato Grosso do Sul - C\u00e2mpus do Pantanal","potentialAction":[{"@type":"SearchAction","target":{"@type":"EntryPoint","urlTemplate":"https:\/\/sef-cpan.ufms.br\/viii\/?s={search_term_string}"},"query-input":"required name=search_term_string"}],"inLanguage":"pt-BR"}]}},"_links":{"self":[{"href":"https:\/\/sef-cpan.ufms.br\/viii\/wp-json\/wp\/v2\/pages\/38"}],"collection":[{"href":"https:\/\/sef-cpan.ufms.br\/viii\/wp-json\/wp\/v2\/pages"}],"about":[{"href":"https:\/\/sef-cpan.ufms.br\/viii\/wp-json\/wp\/v2\/types\/page"}],"author":[{"embeddable":true,"href":"https:\/\/sef-cpan.ufms.br\/viii\/wp-json\/wp\/v2\/users\/2"}],"replies":[{"embeddable":true,"href":"https:\/\/sef-cpan.ufms.br\/viii\/wp-json\/wp\/v2\/comments?post=38"}],"version-history":[{"count":50,"href":"https:\/\/sef-cpan.ufms.br\/viii\/wp-json\/wp\/v2\/pages\/38\/revisions"}],"predecessor-version":[{"id":803,"href":"https:\/\/sef-cpan.ufms.br\/viii\/wp-json\/wp\/v2\/pages\/38\/revisions\/803"}],"wp:attachment":[{"href":"https:\/\/sef-cpan.ufms.br\/viii\/wp-json\/wp\/v2\/media?parent=38"}],"curies":[{"name":"wp","href":"https:\/\/api.w.org\/{rel}","templated":true}]}}