{"id":475,"date":"2023-02-24T12:03:49","date_gmt":"2023-02-24T15:03:49","guid":{"rendered":"http:\/\/sef.ufms.br\/vii\/?page_id=475"},"modified":"2023-02-24T12:08:09","modified_gmt":"2023-02-24T15:08:09","slug":"primeira-circular","status":"publish","type":"page","link":"https:\/\/sef-cpan.ufms.br\/vii\/primeira-circular\/","title":{"rendered":"Primeira Circular"},"content":{"rendered":"\n<div class=\"wp-block-media-text alignwide is-stacked-on-mobile\"><figure class=\"wp-block-media-text__media\"><img loading=\"lazy\" decoding=\"async\" width=\"676\" height=\"625\" src=\"https:\/\/sef-cpan.ufms.br\/vii\/wp-content\/uploads\/sites\/4\/2023\/02\/sef-viii-1.jpg\" alt=\"\" class=\"wp-image-476\" srcset=\"https:\/\/sef-cpan.ufms.br\/vii\/wp-content\/uploads\/sites\/4\/2023\/02\/sef-viii-1.jpg 676w, https:\/\/sef-cpan.ufms.br\/vii\/wp-content\/uploads\/sites\/4\/2023\/02\/sef-viii-1-300x277.jpg 300w\" sizes=\"(max-width: 676px) 100vw, 676px\" \/><\/figure><div class=\"wp-block-media-text__content\">\n<p>Divulgada a Primeira Circular do Evento!<\/p>\n<\/div><\/div>\n\n\n<p style=\"text-align: left;\">Portugu\u00eas:<\/p>\n<iframe src=\"\/\/docs.google.com\/viewer?url=https%3A%2F%2Fsef-cpan.ufms.br%2Fvii%2Fwp-content%2Fuploads%2Fsites%2F4%2F2023%2F02%2FPrimeira-Circular-portugu%C3%AAs.pdf&hl=pt_BR&embedded=true\" class=\"gde-frame\" style=\"width:100%; height:500px; border: none;\" scrolling=\"no\"><\/iframe>\n<p class=\"gde-text\"><a href=\"https:\/\/sef-cpan.ufms.br\/vii\/wp-content\/uploads\/sites\/4\/2023\/02\/Primeira-Circular-portugu\u00eas.pdf\" class=\"gde-link\">Download (PDF, 111KB)<\/a><\/p>\n<p style=\"text-align: left;\">Espanhol:\u00a0<\/p>\n<iframe src=\"\/\/docs.google.com\/viewer?url=https%3A%2F%2Fsef-cpan.ufms.br%2Fvii%2Fwp-content%2Fuploads%2Fsites%2F4%2F2019%2F04%2FPrimera-Circular-espanhol.pdf&hl=pt_BR&embedded=true\" class=\"gde-frame\" style=\"width:100%; height:500px; border: none;\" scrolling=\"no\"><\/iframe>\n<p class=\"gde-text\"><a href=\"https:\/\/sef-cpan.ufms.br\/vii\/wp-content\/uploads\/sites\/4\/2019\/04\/Primera-Circular-espanhol.pdf\" class=\"gde-link\">Download (PDF, 148KB)<\/a><\/p>\n<p style=\"text-align: left;\">\u00a0<\/p>\n<p style=\"text-align: justify;\">\u00a0<\/p>","protected":false},"excerpt":{"rendered":"<p>Divulgada a Primeira Circular do Evento! Portugu\u00eas: Espanhol:\u00a0 \u00a0 \u00a0<\/p>\n","protected":false},"author":2,"featured_media":0,"parent":0,"menu_order":0,"comment_status":"closed","ping_status":"closed","template":"","meta":{"footnotes":""},"yoast_head":"<!-- This site is optimized with the Yoast SEO plugin v23.1 - https:\/\/yoast.com\/wordpress\/plugins\/seo\/ -->\n<title>Primeira Circular - VII Semin\u00e1rio Internacional de Estudos Fronteiri\u00e7os<\/title>\n<meta name=\"robots\" content=\"index, follow, max-snippet:-1, max-image-preview:large, max-video-preview:-1\" \/>\n<link rel=\"canonical\" href=\"https:\/\/sef-cpan.ufms.br\/vii\/primeira-circular\/\" \/>\n<meta property=\"og:locale\" content=\"pt_BR\" \/>\n<meta property=\"og:type\" content=\"article\" \/>\n<meta property=\"og:title\" content=\"Primeira Circular - VII Semin\u00e1rio Internacional de Estudos Fronteiri\u00e7os\" \/>\n<meta property=\"og:description\" content=\"Divulgada a Primeira Circular do Evento! Portugu\u00eas: Espanhol:\u00a0 \u00a0 \u00a0\" \/>\n<meta property=\"og:url\" content=\"https:\/\/sef-cpan.ufms.br\/vii\/primeira-circular\/\" \/>\n<meta property=\"og:site_name\" content=\"VII Semin\u00e1rio Internacional de Estudos Fronteiri\u00e7os\" \/>\n<meta property=\"article:modified_time\" content=\"2023-02-24T15:08:09+00:00\" \/>\n<meta property=\"og:image\" content=\"https:\/\/sef-cpan.ufms.br\/vii\/wp-content\/uploads\/sites\/4\/2023\/02\/sef-viii-1.jpg\" \/>\n<meta name=\"twitter:card\" content=\"summary_large_image\" \/>\n<script type=\"application\/ld+json\" class=\"yoast-schema-graph\">{\"@context\":\"https:\/\/schema.org\",\"@graph\":[{\"@type\":\"WebPage\",\"@id\":\"https:\/\/sef-cpan.ufms.br\/vii\/primeira-circular\/\",\"url\":\"https:\/\/sef-cpan.ufms.br\/vii\/primeira-circular\/\",\"name\":\"Primeira Circular - VII Semin\u00e1rio Internacional de Estudos Fronteiri\u00e7os\",\"isPartOf\":{\"@id\":\"https:\/\/sef-cpan.ufms.br\/vii\/#website\"},\"primaryImageOfPage\":{\"@id\":\"https:\/\/sef-cpan.ufms.br\/vii\/primeira-circular\/#primaryimage\"},\"image\":{\"@id\":\"https:\/\/sef-cpan.ufms.br\/vii\/primeira-circular\/#primaryimage\"},\"thumbnailUrl\":\"https:\/\/sef-cpan.ufms.br\/vii\/wp-content\/uploads\/sites\/4\/2023\/02\/sef-viii-1.jpg\",\"datePublished\":\"2023-02-24T15:03:49+00:00\",\"dateModified\":\"2023-02-24T15:08:09+00:00\",\"breadcrumb\":{\"@id\":\"https:\/\/sef-cpan.ufms.br\/vii\/primeira-circular\/#breadcrumb\"},\"inLanguage\":\"pt-BR\",\"potentialAction\":[{\"@type\":\"ReadAction\",\"target\":[\"https:\/\/sef-cpan.ufms.br\/vii\/primeira-circular\/\"]}]},{\"@type\":\"ImageObject\",\"inLanguage\":\"pt-BR\",\"@id\":\"https:\/\/sef-cpan.ufms.br\/vii\/primeira-circular\/#primaryimage\",\"url\":\"https:\/\/sef-cpan.ufms.br\/vii\/wp-content\/uploads\/sites\/4\/2023\/02\/sef-viii-1.jpg\",\"contentUrl\":\"https:\/\/sef-cpan.ufms.br\/vii\/wp-content\/uploads\/sites\/4\/2023\/02\/sef-viii-1.jpg\",\"width\":676,\"height\":625},{\"@type\":\"BreadcrumbList\",\"@id\":\"https:\/\/sef-cpan.ufms.br\/vii\/primeira-circular\/#breadcrumb\",\"itemListElement\":[{\"@type\":\"ListItem\",\"position\":1,\"name\":\"In\u00edcio\",\"item\":\"https:\/\/sef-cpan.ufms.br\/vii\/\"},{\"@type\":\"ListItem\",\"position\":2,\"name\":\"Primeira Circular\"}]},{\"@type\":\"WebSite\",\"@id\":\"https:\/\/sef-cpan.ufms.br\/vii\/#website\",\"url\":\"https:\/\/sef-cpan.ufms.br\/vii\/\",\"name\":\"VII Semin\u00e1rio Internacional de Estudos Fronteiri\u00e7os\",\"description\":\"Funda\u00e7\u00e3o Universidade Federal de Mato Grosso do Sul - C\u00e2mpus do Pantanal\",\"potentialAction\":[{\"@type\":\"SearchAction\",\"target\":{\"@type\":\"EntryPoint\",\"urlTemplate\":\"https:\/\/sef-cpan.ufms.br\/vii\/?s={search_term_string}\"},\"query-input\":\"required name=search_term_string\"}],\"inLanguage\":\"pt-BR\"}]}<\/script>\n<!-- \/ Yoast SEO plugin. -->","yoast_head_json":{"title":"Primeira Circular - VII Semin\u00e1rio Internacional de Estudos Fronteiri\u00e7os","robots":{"index":"index","follow":"follow","max-snippet":"max-snippet:-1","max-image-preview":"max-image-preview:large","max-video-preview":"max-video-preview:-1"},"canonical":"https:\/\/sef-cpan.ufms.br\/vii\/primeira-circular\/","og_locale":"pt_BR","og_type":"article","og_title":"Primeira Circular - VII Semin\u00e1rio Internacional de Estudos Fronteiri\u00e7os","og_description":"Divulgada a Primeira Circular do Evento! Portugu\u00eas: Espanhol:\u00a0 \u00a0 \u00a0","og_url":"https:\/\/sef-cpan.ufms.br\/vii\/primeira-circular\/","og_site_name":"VII Semin\u00e1rio Internacional de Estudos Fronteiri\u00e7os","article_modified_time":"2023-02-24T15:08:09+00:00","og_image":[{"url":"https:\/\/sef-cpan.ufms.br\/vii\/wp-content\/uploads\/sites\/4\/2023\/02\/sef-viii-1.jpg"}],"twitter_card":"summary_large_image","schema":{"@context":"https:\/\/schema.org","@graph":[{"@type":"WebPage","@id":"https:\/\/sef-cpan.ufms.br\/vii\/primeira-circular\/","url":"https:\/\/sef-cpan.ufms.br\/vii\/primeira-circular\/","name":"Primeira Circular - VII Semin\u00e1rio Internacional de Estudos Fronteiri\u00e7os","isPartOf":{"@id":"https:\/\/sef-cpan.ufms.br\/vii\/#website"},"primaryImageOfPage":{"@id":"https:\/\/sef-cpan.ufms.br\/vii\/primeira-circular\/#primaryimage"},"image":{"@id":"https:\/\/sef-cpan.ufms.br\/vii\/primeira-circular\/#primaryimage"},"thumbnailUrl":"https:\/\/sef-cpan.ufms.br\/vii\/wp-content\/uploads\/sites\/4\/2023\/02\/sef-viii-1.jpg","datePublished":"2023-02-24T15:03:49+00:00","dateModified":"2023-02-24T15:08:09+00:00","breadcrumb":{"@id":"https:\/\/sef-cpan.ufms.br\/vii\/primeira-circular\/#breadcrumb"},"inLanguage":"pt-BR","potentialAction":[{"@type":"ReadAction","target":["https:\/\/sef-cpan.ufms.br\/vii\/primeira-circular\/"]}]},{"@type":"ImageObject","inLanguage":"pt-BR","@id":"https:\/\/sef-cpan.ufms.br\/vii\/primeira-circular\/#primaryimage","url":"https:\/\/sef-cpan.ufms.br\/vii\/wp-content\/uploads\/sites\/4\/2023\/02\/sef-viii-1.jpg","contentUrl":"https:\/\/sef-cpan.ufms.br\/vii\/wp-content\/uploads\/sites\/4\/2023\/02\/sef-viii-1.jpg","width":676,"height":625},{"@type":"BreadcrumbList","@id":"https:\/\/sef-cpan.ufms.br\/vii\/primeira-circular\/#breadcrumb","itemListElement":[{"@type":"ListItem","position":1,"name":"In\u00edcio","item":"https:\/\/sef-cpan.ufms.br\/vii\/"},{"@type":"ListItem","position":2,"name":"Primeira Circular"}]},{"@type":"WebSite","@id":"https:\/\/sef-cpan.ufms.br\/vii\/#website","url":"https:\/\/sef-cpan.ufms.br\/vii\/","name":"VII Semin\u00e1rio Internacional de Estudos Fronteiri\u00e7os","description":"Funda\u00e7\u00e3o Universidade Federal de Mato Grosso do Sul - C\u00e2mpus do Pantanal","potentialAction":[{"@type":"SearchAction","target":{"@type":"EntryPoint","urlTemplate":"https:\/\/sef-cpan.ufms.br\/vii\/?s={search_term_string}"},"query-input":"required name=search_term_string"}],"inLanguage":"pt-BR"}]}},"_links":{"self":[{"href":"https:\/\/sef-cpan.ufms.br\/vii\/wp-json\/wp\/v2\/pages\/475"}],"collection":[{"href":"https:\/\/sef-cpan.ufms.br\/vii\/wp-json\/wp\/v2\/pages"}],"about":[{"href":"https:\/\/sef-cpan.ufms.br\/vii\/wp-json\/wp\/v2\/types\/page"}],"author":[{"embeddable":true,"href":"https:\/\/sef-cpan.ufms.br\/vii\/wp-json\/wp\/v2\/users\/2"}],"replies":[{"embeddable":true,"href":"https:\/\/sef-cpan.ufms.br\/vii\/wp-json\/wp\/v2\/comments?post=475"}],"version-history":[{"count":4,"href":"https:\/\/sef-cpan.ufms.br\/vii\/wp-json\/wp\/v2\/pages\/475\/revisions"}],"predecessor-version":[{"id":483,"href":"https:\/\/sef-cpan.ufms.br\/vii\/wp-json\/wp\/v2\/pages\/475\/revisions\/483"}],"wp:attachment":[{"href":"https:\/\/sef-cpan.ufms.br\/vii\/wp-json\/wp\/v2\/media?parent=475"}],"curies":[{"name":"wp","href":"https:\/\/api.w.org\/{rel}","templated":true}]}}