{"id":44,"date":"2019-04-17T10:42:06","date_gmt":"2019-04-17T13:42:06","guid":{"rendered":"http:\/\/sef.ufms.br\/vii\/?page_id=44"},"modified":"2023-02-24T12:28:35","modified_gmt":"2023-02-24T15:28:35","slug":"organizacao","status":"publish","type":"page","link":"https:\/\/sef-cpan.ufms.br\/vii\/organizacao\/","title":{"rendered":"Organiza\u00e7\u00e3o"},"content":{"rendered":"\n<p><strong>Coordena\u00e7\u00e3o Geral<\/strong><\/p>\n\n\n\n<p>Edgar Aparecido da Costa \u2013 MEF\/UFMS<\/p>\n\n\n\n<p>Rebeca Steiman \u2013 Grupo Retis\/UFRJ <\/p>\n\n\n\n<div style=\"height:48px\" aria-hidden=\"true\" class=\"wp-block-spacer\"><\/div>\n\n\n\n<p><strong>Comiss\u00e3o Organizadora<\/strong><\/p>\n\n\n\n<figure class=\"wp-block-table\"><table><tbody><tr><td><strong>Nome<\/strong><\/td><td><strong>Institui\u00e7\u00e3o<\/strong><\/td><\/tr><tr><td>Adriana Dorfman<\/td><td>Unbral Fronteiras \/ UFRGS<\/td><\/tr><tr><td>Alberto Hernandez Hernandez<\/td><td>El Colef, M\u00e9xico<\/td><\/tr><tr><td>Aguinaldo Silva<\/td><td>UFMS<\/td><\/tr><tr><td>Beatriz Lima de Paula Silva<\/td><td>UFMS<\/td><\/tr><tr><td>Edgar Aparecido da Costa<\/td><td>UFMS<\/td><\/tr><tr><td>Gustavo de Souza Preussler<\/td><td>UFGD<\/td><\/tr><tr><td>Gutemberg de Vilhena Silva<\/td><td>UNIFAP<\/td><\/tr><tr><td>Haroldo Dilla Alfonso<\/td><td>INTE \/ UNAP, Chile<\/td><\/tr><tr><td>Karla Maria M\u00fcller<\/td><td>Unbral Fronteiras \/ UFRGS<\/td><\/tr><tr><td>Lucilene Machado Garcia Arf<\/td><td>UFMS<\/td><\/tr><tr><td>Marcos Leandro Mondardo<\/td><td>UFGD<\/td><\/tr><tr><td>Rebeca Steiman<\/td><td>Grupo Retis \/ UFRJ<\/td><\/tr><\/tbody><\/table><\/figure>\n\n\n\n<div style=\"height:46px\" aria-hidden=\"true\" class=\"wp-block-spacer\"><\/div>\n\n\n\n<p><strong>COMITE\nCIENT\u00cdFICO<\/strong><\/p>\n\n\n\n<figure class=\"wp-block-table\"><table><tbody><tr><td>\n  Adriana Dorfman\n  <\/td><td>Unbral Fronteiras\/UFRGS   <\/td><\/tr><tr><td>\n  Aguinaldo Silva\n  <\/td><td>UFMS   <\/td><\/tr><tr><td>\n  Alberto Hern\u00e1ndez Hern\u00e1ndez\n  <\/td><td> COLEF, M\u00e9xico   <\/td><\/tr><tr><td>\n  Alessandra Rufino Santos\n  <\/td><td>UFRR   <\/td><\/tr><tr><td>\n  Alfredo Ricardo Silva Lopes\n  <\/td><td>UFMS   <\/td><\/tr><tr><td>\n  Ana Paula Correia de Araujo\n  <\/td><td>UFMS   <\/td><\/tr><tr><td>\n  Antonio Firmino de Oliveira Neto\n  <\/td><td>UFMS   <\/td><\/tr><tr><td>\n  Beatriz Lima de Paula Silva\n  <\/td><td>UFMS   <\/td><\/tr><tr><td>\n  Bianca de Marchi Moyano\n  <\/td><td>UCB, Bol\u00edvia   <\/td><\/tr><tr><td>\n  Camilo Pereira Carneiro Filho\n  <\/td><td>UFGD   <\/td><\/tr><tr><td>\n  Carlo Henrique Golin\n  <\/td><td>UFMS   <\/td><\/tr><tr><td>\n  Carlos Pi\u00f1ones Rivera\n  <\/td><td>INTE, Chile   <\/td><\/tr><tr><td>\n  Cl\u00e1udia Ara\u00fajo de Lima\n  <\/td><td>UFMS   <\/td><\/tr><tr><td>\n  Cristian Ovando Santana\n  <\/td><td>INTE, Chile   <\/td><\/tr><tr><td>\n  Edgar Aparecido da Costa\n  <\/td><td>UFMS   <\/td><\/tr><tr><td>\n  Elisa Pinheiro de Freitas\n  <\/td><td>UFMS   <\/td><\/tr><tr><td>\n  Fr\u00e9d\u00e9ric Lasserre\n  <\/td><td>Universit\u00e9 Laval, Canad\u00e1<\/td><\/tr><tr><td>Gicelma da Fonseca Chacarosqui Torchi   <\/td><td>UFGD   <\/td><\/tr><tr><td>Gleicy Denise Vasques Moreira Santos   <\/td><td>UFMS   <\/td><\/tr><tr><td> Gustavo de Souza Preussler   <\/td><td>UFGD   <\/td><\/tr><tr><td>\n  Gutemberg de Vilhena Silva\n  <\/td><td>UNIFAP   <\/td><\/tr><tr><td>\n  Haroldo Dilla Alfonso\n  <\/td><td>INTE, Chile   <\/td><\/tr><tr><td>\n  In\u00eas Gusman\n  <\/td><td>USC, Espanha   <\/td><\/tr><tr><td>\n  Jones Dari Goettert\n  <\/td><td>UFGD   <\/td><\/tr><tr><td>\n  Karla Maria Muller\n  <\/td><td>Unbral Fronteiras\/UFRGS   <\/td><\/tr><tr><td>\n  Leticia Parente Ribeiro\n  <\/td><td>Departamento de Geografia\/UFRJ   <\/td><\/tr><tr><td>\n  Liana Amin Lima da Silva\n  <\/td><td>UFGD   <\/td><\/tr><tr><td>\n  L\u00edcio Caetano do Rego Monteiro\n  <\/td><td>UFF   <\/td><\/tr><tr><td>\n  Lisandra Pereira Lamoso\n  <\/td><td>UFGD   <\/td><\/tr><tr><td>\n  Luciana Escalante Pereira\n  <\/td><td>UFMS   <\/td><\/tr><tr><td>\n  Lucilene Machado Garcia Arf\n  <\/td><td>UFMS   <\/td><\/tr><tr><td>\n  Luiz Fabio Silva Paiva\n  <\/td><td>UECE   <\/td><\/tr><tr><td>Luis Paulo Batista da Silva<\/td><td>USP*<\/td><\/tr><tr><td>\n  Mara Aline Santos Ribeiro\n  <\/td><td>UFMS   <\/td><\/tr><tr><td>\n  Marcela Tapia Ladino\n  <\/td><td>\n  INTE, Chile\n  <\/td><\/tr><tr><td>\n  Marco Aur\u00e9lio Oliveira Machado\n  <\/td><td>\n  UFMS\n  <\/td><\/tr><tr><td>\n  Marcos Aur\u00e9lio Matos Lem\u00f5es\n  <\/td><td>\n  UFPEL\n  <\/td><\/tr><tr><td>\n  Marcos Leandro Mondardo\n  <\/td><td>\n  UFGD\n  <\/td><\/tr><tr><td>\n  Maristela Ferrari\n  <\/td><td>\n  Unioeste\n  <\/td><\/tr><tr><td>\n  Milton Augusto Pasquotto Mariani\n  <\/td><td>\n  UFMS\n  <\/td><\/tr><tr><td>\n  Rebeca Steiman\n  <\/td><td>\n  Grupo Retis\/UFRJ\n  <\/td><\/tr><tr><td>\n  Sergio Pe\u00f1a Medina \n  <\/td><td>\n  El Colef, M\u00e9xico\n  <\/td><\/tr><tr><td>\n  Tomaz Esp\u00f3sito Neto\n  <\/td><td>\n  UFGD\n  <\/td><\/tr><tr><td>\n  Vanessa Catherina Neumann Figueiredo\n  <\/td><td>\n  UFMS\n  <\/td><\/tr><tr><td>\n  Vera Lucia Spacil Raddatz\n  <\/td><td>\n  UNIJU\u00cd\n  <\/td><\/tr><tr><td>\n  Yenny Vega C\u00e1rdenas\n  <\/td><td>\n  Universit\u00e9 de Montr\u00e9al,\n  Canad\u00e1\n  <\/td><\/tr><\/tbody><\/table><\/figure>\n\n\n\n<div style=\"height:50px\" aria-hidden=\"true\" class=\"wp-block-spacer\"><\/div>\n\n\n\n<p><strong>COMISS\u00c3O DE DIVULGA\u00c7\u00c3O E CREDENCIAMENTO<\/strong><\/p>\n\n\n\n<p>B\u00e1rbara Marcela de Castro Martins (Presidente)<\/p>\n\n\n\n<p>Augusto Azevedo da Silva Santos <\/p>\n\n\n\n<p>Dayane Mayara Chaves Pereira Ferreira<\/p>\n\n\n\n<p>Dayane Romero Martins<\/p>\n\n\n\n<p>Elis\u00e2ngela de Souza Cunha<\/p>\n\n\n\n<p>Erika Luana Lopez Flores<\/p>\n\n\n\n<p>Francisco Rog\u00e9rio Magalh\u00e3es Messias<\/p>\n\n\n\n<p>Glenda Helenice da Silva Rodrigues<\/p>\n\n\n\n<p>Ianna Louise Ara\u00fajo Chagas<\/p>\n\n\n\n<p>Jessica Mayara Lima Ramires<\/p>\n\n\n\n<p>Leandro dos Santos Pereira<\/p>\n\n\n\n<p>Marco Ant\u00f4nio Vilalva Rodrigues<\/p>\n\n\n\n<p>Sinara de Oliveira de Arruda<\/p>\n\n\n\n<p>Tayrine Pinho de Lima Fonseca<\/p>\n\n\n\n<div style=\"height:51px\" aria-hidden=\"true\" class=\"wp-block-spacer\"><\/div>\n\n\n\n<p><strong>COMISS\u00c3O DE APOIO LOG\u00cdSTICO<\/strong><\/p>\n\n\n\n<p>Elis\u00e2ngela de Souza Cunha (Presidente)<\/p>\n\n\n\n<p>Aguinaldo Silva<\/p>\n\n\n\n<p>Ant\u00f4nio Carlos Oliveira Fonseca J\u00fanior<\/p>\n\n\n\n<p>B\u00e1rbara Marcela de Castro Martins<\/p>\n\n\n\n<p>Beatriz Lima de Paula Silva<\/p>\n\n\n\n<p>Emmanuel Alexandre Cavasana Oliveira<\/p>\n\n\n\n<p>Erika Luana Lopez Flores<\/p>\n\n\n\n<p>Glenda Helenice da Silva Rodrigues<\/p>\n\n\n\n<p>Marco Ant\u00f4nio Vilalva Rodrigues<\/p>\n\n\n\n<p>Marcos Ant\u00f4nio Gon\u00e7alves Cypriano<\/p>\n\n\n\n<div style=\"height:46px\" aria-hidden=\"true\" class=\"wp-block-spacer\"><\/div>\n\n\n\n<p><strong>COMISS\u00c3O DE RECEP\u00c7\u00c3O DOS TRABALHOS<\/strong><\/p>\n\n\n\n<p>\u00c9der Dami\u00e3o Goes Kukiel &#8211; UFGD<\/p>\n\n\n\n<p>Edgar Aparecido da Costa \u2013 MEF\/UFMS<\/p>\n\n\n\n<p>Rebeca Steiman \u2013 Grupo Retis\/UFRJ<\/p>\n\n\n\n<div style=\"height:34px\" aria-hidden=\"true\" class=\"wp-block-spacer\"><\/div>\n\n\n\n<p><strong>COMIT\u00ca DE\nARTICULA\u00c7\u00c3O DAS COMISS\u00d5ES<\/strong><\/p>\n\n\n\n<p>Elis\u00e2ngela de Souza Cunha<\/p>\n\n\n\n<p>Edgar Aparecido da Costa<\/p>\n\n\n\n<p>Rebeca Steiman<\/p>\n","protected":false},"excerpt":{"rendered":"<p>Coordena\u00e7\u00e3o Geral Edgar Aparecido da Costa \u2013 MEF\/UFMS Rebeca Steiman \u2013 Grupo Retis\/UFRJ Comiss\u00e3o Organizadora Nome Institui\u00e7\u00e3o Adriana Dorfman Unbral Fronteiras \/ UFRGS Alberto Hernandez Hernandez El Colef, M\u00e9xico Aguinaldo Silva UFMS Beatriz Lima de Paula<a class=\"moretag\" href=\"https:\/\/sef-cpan.ufms.br\/vii\/organizacao\/\">Read More&#8230;<\/a><\/p>\n","protected":false},"author":2,"featured_media":0,"parent":0,"menu_order":0,"comment_status":"closed","ping_status":"closed","template":"","meta":{"footnotes":""},"yoast_head":"<!-- This site is optimized with the Yoast SEO plugin v23.1 - https:\/\/yoast.com\/wordpress\/plugins\/seo\/ -->\n<title>Organiza\u00e7\u00e3o - VII Semin\u00e1rio Internacional de Estudos Fronteiri\u00e7os<\/title>\n<meta name=\"robots\" content=\"index, follow, max-snippet:-1, max-image-preview:large, max-video-preview:-1\" \/>\n<link rel=\"canonical\" href=\"https:\/\/sef-cpan.ufms.br\/vii\/organizacao\/\" \/>\n<meta property=\"og:locale\" content=\"pt_BR\" \/>\n<meta property=\"og:type\" content=\"article\" \/>\n<meta property=\"og:title\" content=\"Organiza\u00e7\u00e3o - VII Semin\u00e1rio Internacional de Estudos Fronteiri\u00e7os\" \/>\n<meta property=\"og:description\" content=\"Coordena\u00e7\u00e3o Geral Edgar Aparecido da Costa \u2013 MEF\/UFMS Rebeca Steiman \u2013 Grupo Retis\/UFRJ Comiss\u00e3o Organizadora Nome Institui\u00e7\u00e3o Adriana Dorfman Unbral Fronteiras \/ UFRGS Alberto Hernandez Hernandez El Colef, M\u00e9xico Aguinaldo Silva UFMS Beatriz Lima de PaulaRead More...\" \/>\n<meta property=\"og:url\" content=\"https:\/\/sef-cpan.ufms.br\/vii\/organizacao\/\" \/>\n<meta property=\"og:site_name\" content=\"VII Semin\u00e1rio Internacional de Estudos Fronteiri\u00e7os\" \/>\n<meta property=\"article:modified_time\" content=\"2023-02-24T15:28:35+00:00\" \/>\n<meta name=\"twitter:card\" content=\"summary_large_image\" \/>\n<meta name=\"twitter:label1\" content=\"Est. tempo de leitura\" \/>\n\t<meta name=\"twitter:data1\" content=\"2 minutos\" \/>\n<script type=\"application\/ld+json\" class=\"yoast-schema-graph\">{\"@context\":\"https:\/\/schema.org\",\"@graph\":[{\"@type\":\"WebPage\",\"@id\":\"https:\/\/sef-cpan.ufms.br\/vii\/organizacao\/\",\"url\":\"https:\/\/sef-cpan.ufms.br\/vii\/organizacao\/\",\"name\":\"Organiza\u00e7\u00e3o - VII Semin\u00e1rio Internacional de Estudos Fronteiri\u00e7os\",\"isPartOf\":{\"@id\":\"https:\/\/sef-cpan.ufms.br\/vii\/#website\"},\"datePublished\":\"2019-04-17T13:42:06+00:00\",\"dateModified\":\"2023-02-24T15:28:35+00:00\",\"breadcrumb\":{\"@id\":\"https:\/\/sef-cpan.ufms.br\/vii\/organizacao\/#breadcrumb\"},\"inLanguage\":\"pt-BR\",\"potentialAction\":[{\"@type\":\"ReadAction\",\"target\":[\"https:\/\/sef-cpan.ufms.br\/vii\/organizacao\/\"]}]},{\"@type\":\"BreadcrumbList\",\"@id\":\"https:\/\/sef-cpan.ufms.br\/vii\/organizacao\/#breadcrumb\",\"itemListElement\":[{\"@type\":\"ListItem\",\"position\":1,\"name\":\"In\u00edcio\",\"item\":\"https:\/\/sef-cpan.ufms.br\/vii\/\"},{\"@type\":\"ListItem\",\"position\":2,\"name\":\"Organiza\u00e7\u00e3o\"}]},{\"@type\":\"WebSite\",\"@id\":\"https:\/\/sef-cpan.ufms.br\/vii\/#website\",\"url\":\"https:\/\/sef-cpan.ufms.br\/vii\/\",\"name\":\"VII Semin\u00e1rio Internacional de Estudos Fronteiri\u00e7os\",\"description\":\"Funda\u00e7\u00e3o Universidade Federal de Mato Grosso do Sul - C\u00e2mpus do Pantanal\",\"potentialAction\":[{\"@type\":\"SearchAction\",\"target\":{\"@type\":\"EntryPoint\",\"urlTemplate\":\"https:\/\/sef-cpan.ufms.br\/vii\/?s={search_term_string}\"},\"query-input\":\"required name=search_term_string\"}],\"inLanguage\":\"pt-BR\"}]}<\/script>\n<!-- \/ Yoast SEO plugin. -->","yoast_head_json":{"title":"Organiza\u00e7\u00e3o - VII Semin\u00e1rio Internacional de Estudos Fronteiri\u00e7os","robots":{"index":"index","follow":"follow","max-snippet":"max-snippet:-1","max-image-preview":"max-image-preview:large","max-video-preview":"max-video-preview:-1"},"canonical":"https:\/\/sef-cpan.ufms.br\/vii\/organizacao\/","og_locale":"pt_BR","og_type":"article","og_title":"Organiza\u00e7\u00e3o - VII Semin\u00e1rio Internacional de Estudos Fronteiri\u00e7os","og_description":"Coordena\u00e7\u00e3o Geral Edgar Aparecido da Costa \u2013 MEF\/UFMS Rebeca Steiman \u2013 Grupo Retis\/UFRJ Comiss\u00e3o Organizadora Nome Institui\u00e7\u00e3o Adriana Dorfman Unbral Fronteiras \/ UFRGS Alberto Hernandez Hernandez El Colef, M\u00e9xico Aguinaldo Silva UFMS Beatriz Lima de PaulaRead More...","og_url":"https:\/\/sef-cpan.ufms.br\/vii\/organizacao\/","og_site_name":"VII Semin\u00e1rio Internacional de Estudos Fronteiri\u00e7os","article_modified_time":"2023-02-24T15:28:35+00:00","twitter_card":"summary_large_image","twitter_misc":{"Est. tempo de leitura":"2 minutos"},"schema":{"@context":"https:\/\/schema.org","@graph":[{"@type":"WebPage","@id":"https:\/\/sef-cpan.ufms.br\/vii\/organizacao\/","url":"https:\/\/sef-cpan.ufms.br\/vii\/organizacao\/","name":"Organiza\u00e7\u00e3o - VII Semin\u00e1rio Internacional de Estudos Fronteiri\u00e7os","isPartOf":{"@id":"https:\/\/sef-cpan.ufms.br\/vii\/#website"},"datePublished":"2019-04-17T13:42:06+00:00","dateModified":"2023-02-24T15:28:35+00:00","breadcrumb":{"@id":"https:\/\/sef-cpan.ufms.br\/vii\/organizacao\/#breadcrumb"},"inLanguage":"pt-BR","potentialAction":[{"@type":"ReadAction","target":["https:\/\/sef-cpan.ufms.br\/vii\/organizacao\/"]}]},{"@type":"BreadcrumbList","@id":"https:\/\/sef-cpan.ufms.br\/vii\/organizacao\/#breadcrumb","itemListElement":[{"@type":"ListItem","position":1,"name":"In\u00edcio","item":"https:\/\/sef-cpan.ufms.br\/vii\/"},{"@type":"ListItem","position":2,"name":"Organiza\u00e7\u00e3o"}]},{"@type":"WebSite","@id":"https:\/\/sef-cpan.ufms.br\/vii\/#website","url":"https:\/\/sef-cpan.ufms.br\/vii\/","name":"VII Semin\u00e1rio Internacional de Estudos Fronteiri\u00e7os","description":"Funda\u00e7\u00e3o Universidade Federal de Mato Grosso do Sul - C\u00e2mpus do Pantanal","potentialAction":[{"@type":"SearchAction","target":{"@type":"EntryPoint","urlTemplate":"https:\/\/sef-cpan.ufms.br\/vii\/?s={search_term_string}"},"query-input":"required name=search_term_string"}],"inLanguage":"pt-BR"}]}},"_links":{"self":[{"href":"https:\/\/sef-cpan.ufms.br\/vii\/wp-json\/wp\/v2\/pages\/44"}],"collection":[{"href":"https:\/\/sef-cpan.ufms.br\/vii\/wp-json\/wp\/v2\/pages"}],"about":[{"href":"https:\/\/sef-cpan.ufms.br\/vii\/wp-json\/wp\/v2\/types\/page"}],"author":[{"embeddable":true,"href":"https:\/\/sef-cpan.ufms.br\/vii\/wp-json\/wp\/v2\/users\/2"}],"replies":[{"embeddable":true,"href":"https:\/\/sef-cpan.ufms.br\/vii\/wp-json\/wp\/v2\/comments?post=44"}],"version-history":[{"count":15,"href":"https:\/\/sef-cpan.ufms.br\/vii\/wp-json\/wp\/v2\/pages\/44\/revisions"}],"predecessor-version":[{"id":492,"href":"https:\/\/sef-cpan.ufms.br\/vii\/wp-json\/wp\/v2\/pages\/44\/revisions\/492"}],"wp:attachment":[{"href":"https:\/\/sef-cpan.ufms.br\/vii\/wp-json\/wp\/v2\/media?parent=44"}],"curies":[{"name":"wp","href":"https:\/\/api.w.org\/{rel}","templated":true}]}}