{"id":38,"date":"2019-04-17T10:40:18","date_gmt":"2019-04-17T13:40:18","guid":{"rendered":"http:\/\/sef.ufms.br\/vii\/?page_id=38"},"modified":"2019-10-05T13:23:40","modified_gmt":"2019-10-05T16:23:40","slug":"inscricoes","status":"publish","type":"page","link":"https:\/\/sef-cpan.ufms.br\/vii\/inscricoes\/","title":{"rendered":"Inscri\u00e7\u00f5es"},"content":{"rendered":"\n<p>Clique abaixo para se inscrever. <\/p>\n\n\n\n<table class=\"wp-block-table\"><tbody><tr><td>\n  Participantes\n  <\/td><td>De 01\/07\/2019 <br>a 01\/09\/2019   <\/td><td>De 02\/09\/2019 <br>a 09\/10\/2019   <\/td><\/tr><tr><td>Estudante de gradua\u00e7\u00e3o    <br>Docente da Educa\u00e7\u00e3o B\u00e1sica   <\/td><td>  R$ 30,00   <\/td><td>   R$ 60,00   <\/td><\/tr><tr><td>Estudante de p\u00f3s-gradua\u00e7\u00e3o   <\/td><td>  R$ 60,00   <\/td><td>   R$ 120,00   <\/td><\/tr><tr><td>Profissionais    <br>Docentes do Ensino Superior   <\/td><td>  R$ 80,00   <\/td><td>   R$ 160,00   <\/td><\/tr><tr><td>Convidados   <\/td><td>  Isento   <\/td><td>\n  Isento\n  <\/td><\/tr><\/tbody><\/table>\n\n\n\n<div class=\"wp-block-button aligncenter\"><a class=\"wp-block-button__link has-background has-vivid-red-background-color\" href=\"https:\/\/docs.google.com\/forms\/d\/e\/1FAIpQLSduZsYQGyFAi9M7fjQk4AsgHow_rM1GKQB0WZRaJJMYBrg0Ng\/viewform?embedded=true\">INSCREVA-SE<\/a><\/div>\n\n\n\n<div style=\"height:49px\" aria-hidden=\"true\" class=\"wp-block-spacer\"><\/div>\n\n\n\n<p>Clique aqui para enviar seu comprovante de inscri\u00e7\u00e3o no evento. Lembre-se de nomear o arquivo (JPEG ou PDF) com seu nome e sobrenome, independentemente de quem efetuou o pagamento. Residentes no exterior poder\u00e3o efetuar o pagamento no credenciamento, assim como os demais participantes que ainda n\u00e3o pagaram.<\/p>\n\n\n\n<div class=\"wp-block-button aligncenter\"><a class=\"wp-block-button__link\" href=\"https:\/\/docs.google.com\/forms\/d\/e\/1FAIpQLSf6bVHZCFQdqLuIjUuCrm9BqL4E7-PnYaGL4LqurUq7fM4Bsg\/viewform?usp=sf_link\">COMPROVANTE<\/a><\/div>\n\n\n\n<div style=\"height:49px\" aria-hidden=\"true\" class=\"wp-block-spacer\"><\/div>\n\n\n\n<p>Gostaria de lan\u00e7ar um livro com temas afins aos estudos fronteiri\u00e7os durante o evento? O lan\u00e7amento de livros ser\u00e1 realizado no dia 8 de outubro de 2019 \u00e0 noite. \u00c9 importante que pelo menos um(a) autor(a) esteja presente!<\/p>\n\n\n\n<div class=\"wp-block-button aligncenter\"><a class=\"wp-block-button__link has-background\" href=\"https:\/\/docs.google.com\/forms\/d\/e\/1FAIpQLSdv23HmFGs0BvFf6MhD_r_GJKdKEkarpDPKjgpzlNTrkFCotg\/viewform?embedded=true\" style=\"background-color:#d5610e\">INSCREVER LIVRO<\/a><\/div>\n","protected":false},"excerpt":{"rendered":"<p>Clique abaixo para se inscrever. Participantes De 01\/07\/2019 a 01\/09\/2019 De 02\/09\/2019 a 09\/10\/2019 Estudante de gradua\u00e7\u00e3o Docente da Educa\u00e7\u00e3o B\u00e1sica R$ 30,00 R$ 60,00 Estudante de p\u00f3s-gradua\u00e7\u00e3o R$ 60,00 R$ 120,00 Profissionais Docentes do Ensino<a class=\"moretag\" href=\"https:\/\/sef-cpan.ufms.br\/vii\/inscricoes\/\">Read More&#8230;<\/a><\/p>\n","protected":false},"author":2,"featured_media":0,"parent":0,"menu_order":0,"comment_status":"closed","ping_status":"closed","template":"","meta":{"footnotes":""},"yoast_head":"<!-- This site is optimized with the Yoast SEO plugin v23.1 - https:\/\/yoast.com\/wordpress\/plugins\/seo\/ -->\n<title>Inscri\u00e7\u00f5es - VII Semin\u00e1rio Internacional de Estudos Fronteiri\u00e7os<\/title>\n<meta name=\"robots\" content=\"index, follow, max-snippet:-1, max-image-preview:large, max-video-preview:-1\" \/>\n<link rel=\"canonical\" href=\"https:\/\/sef-cpan.ufms.br\/vii\/inscricoes\/\" \/>\n<meta property=\"og:locale\" content=\"pt_BR\" \/>\n<meta property=\"og:type\" content=\"article\" \/>\n<meta property=\"og:title\" content=\"Inscri\u00e7\u00f5es - VII Semin\u00e1rio Internacional de Estudos Fronteiri\u00e7os\" \/>\n<meta property=\"og:description\" content=\"Clique abaixo para se inscrever. Participantes De 01\/07\/2019 a 01\/09\/2019 De 02\/09\/2019 a 09\/10\/2019 Estudante de gradua\u00e7\u00e3o Docente da Educa\u00e7\u00e3o B\u00e1sica R$ 30,00 R$ 60,00 Estudante de p\u00f3s-gradua\u00e7\u00e3o R$ 60,00 R$ 120,00 Profissionais Docentes do EnsinoRead More...\" \/>\n<meta property=\"og:url\" content=\"https:\/\/sef-cpan.ufms.br\/vii\/inscricoes\/\" \/>\n<meta property=\"og:site_name\" content=\"VII Semin\u00e1rio Internacional de Estudos Fronteiri\u00e7os\" \/>\n<meta property=\"article:modified_time\" content=\"2019-10-05T16:23:40+00:00\" \/>\n<meta name=\"twitter:card\" content=\"summary_large_image\" \/>\n<meta name=\"twitter:label1\" content=\"Est. tempo de leitura\" \/>\n\t<meta name=\"twitter:data1\" content=\"1 minuto\" \/>\n<script type=\"application\/ld+json\" class=\"yoast-schema-graph\">{\"@context\":\"https:\/\/schema.org\",\"@graph\":[{\"@type\":\"WebPage\",\"@id\":\"https:\/\/sef-cpan.ufms.br\/vii\/inscricoes\/\",\"url\":\"https:\/\/sef-cpan.ufms.br\/vii\/inscricoes\/\",\"name\":\"Inscri\u00e7\u00f5es - VII Semin\u00e1rio Internacional de Estudos Fronteiri\u00e7os\",\"isPartOf\":{\"@id\":\"https:\/\/sef-cpan.ufms.br\/vii\/#website\"},\"datePublished\":\"2019-04-17T13:40:18+00:00\",\"dateModified\":\"2019-10-05T16:23:40+00:00\",\"breadcrumb\":{\"@id\":\"https:\/\/sef-cpan.ufms.br\/vii\/inscricoes\/#breadcrumb\"},\"inLanguage\":\"pt-BR\",\"potentialAction\":[{\"@type\":\"ReadAction\",\"target\":[\"https:\/\/sef-cpan.ufms.br\/vii\/inscricoes\/\"]}]},{\"@type\":\"BreadcrumbList\",\"@id\":\"https:\/\/sef-cpan.ufms.br\/vii\/inscricoes\/#breadcrumb\",\"itemListElement\":[{\"@type\":\"ListItem\",\"position\":1,\"name\":\"In\u00edcio\",\"item\":\"https:\/\/sef-cpan.ufms.br\/vii\/\"},{\"@type\":\"ListItem\",\"position\":2,\"name\":\"Inscri\u00e7\u00f5es\"}]},{\"@type\":\"WebSite\",\"@id\":\"https:\/\/sef-cpan.ufms.br\/vii\/#website\",\"url\":\"https:\/\/sef-cpan.ufms.br\/vii\/\",\"name\":\"VII Semin\u00e1rio Internacional de Estudos Fronteiri\u00e7os\",\"description\":\"Funda\u00e7\u00e3o Universidade Federal de Mato Grosso do Sul - C\u00e2mpus do Pantanal\",\"potentialAction\":[{\"@type\":\"SearchAction\",\"target\":{\"@type\":\"EntryPoint\",\"urlTemplate\":\"https:\/\/sef-cpan.ufms.br\/vii\/?s={search_term_string}\"},\"query-input\":\"required name=search_term_string\"}],\"inLanguage\":\"pt-BR\"}]}<\/script>\n<!-- \/ Yoast SEO plugin. -->","yoast_head_json":{"title":"Inscri\u00e7\u00f5es - VII Semin\u00e1rio Internacional de Estudos Fronteiri\u00e7os","robots":{"index":"index","follow":"follow","max-snippet":"max-snippet:-1","max-image-preview":"max-image-preview:large","max-video-preview":"max-video-preview:-1"},"canonical":"https:\/\/sef-cpan.ufms.br\/vii\/inscricoes\/","og_locale":"pt_BR","og_type":"article","og_title":"Inscri\u00e7\u00f5es - VII Semin\u00e1rio Internacional de Estudos Fronteiri\u00e7os","og_description":"Clique abaixo para se inscrever. Participantes De 01\/07\/2019 a 01\/09\/2019 De 02\/09\/2019 a 09\/10\/2019 Estudante de gradua\u00e7\u00e3o Docente da Educa\u00e7\u00e3o B\u00e1sica R$ 30,00 R$ 60,00 Estudante de p\u00f3s-gradua\u00e7\u00e3o R$ 60,00 R$ 120,00 Profissionais Docentes do EnsinoRead More...","og_url":"https:\/\/sef-cpan.ufms.br\/vii\/inscricoes\/","og_site_name":"VII Semin\u00e1rio Internacional de Estudos Fronteiri\u00e7os","article_modified_time":"2019-10-05T16:23:40+00:00","twitter_card":"summary_large_image","twitter_misc":{"Est. tempo de leitura":"1 minuto"},"schema":{"@context":"https:\/\/schema.org","@graph":[{"@type":"WebPage","@id":"https:\/\/sef-cpan.ufms.br\/vii\/inscricoes\/","url":"https:\/\/sef-cpan.ufms.br\/vii\/inscricoes\/","name":"Inscri\u00e7\u00f5es - VII Semin\u00e1rio Internacional de Estudos Fronteiri\u00e7os","isPartOf":{"@id":"https:\/\/sef-cpan.ufms.br\/vii\/#website"},"datePublished":"2019-04-17T13:40:18+00:00","dateModified":"2019-10-05T16:23:40+00:00","breadcrumb":{"@id":"https:\/\/sef-cpan.ufms.br\/vii\/inscricoes\/#breadcrumb"},"inLanguage":"pt-BR","potentialAction":[{"@type":"ReadAction","target":["https:\/\/sef-cpan.ufms.br\/vii\/inscricoes\/"]}]},{"@type":"BreadcrumbList","@id":"https:\/\/sef-cpan.ufms.br\/vii\/inscricoes\/#breadcrumb","itemListElement":[{"@type":"ListItem","position":1,"name":"In\u00edcio","item":"https:\/\/sef-cpan.ufms.br\/vii\/"},{"@type":"ListItem","position":2,"name":"Inscri\u00e7\u00f5es"}]},{"@type":"WebSite","@id":"https:\/\/sef-cpan.ufms.br\/vii\/#website","url":"https:\/\/sef-cpan.ufms.br\/vii\/","name":"VII Semin\u00e1rio Internacional de Estudos Fronteiri\u00e7os","description":"Funda\u00e7\u00e3o Universidade Federal de Mato Grosso do Sul - C\u00e2mpus do Pantanal","potentialAction":[{"@type":"SearchAction","target":{"@type":"EntryPoint","urlTemplate":"https:\/\/sef-cpan.ufms.br\/vii\/?s={search_term_string}"},"query-input":"required name=search_term_string"}],"inLanguage":"pt-BR"}]}},"_links":{"self":[{"href":"https:\/\/sef-cpan.ufms.br\/vii\/wp-json\/wp\/v2\/pages\/38"}],"collection":[{"href":"https:\/\/sef-cpan.ufms.br\/vii\/wp-json\/wp\/v2\/pages"}],"about":[{"href":"https:\/\/sef-cpan.ufms.br\/vii\/wp-json\/wp\/v2\/types\/page"}],"author":[{"embeddable":true,"href":"https:\/\/sef-cpan.ufms.br\/vii\/wp-json\/wp\/v2\/users\/2"}],"replies":[{"embeddable":true,"href":"https:\/\/sef-cpan.ufms.br\/vii\/wp-json\/wp\/v2\/comments?post=38"}],"version-history":[{"count":17,"href":"https:\/\/sef-cpan.ufms.br\/vii\/wp-json\/wp\/v2\/pages\/38\/revisions"}],"predecessor-version":[{"id":438,"href":"https:\/\/sef-cpan.ufms.br\/vii\/wp-json\/wp\/v2\/pages\/38\/revisions\/438"}],"wp:attachment":[{"href":"https:\/\/sef-cpan.ufms.br\/vii\/wp-json\/wp\/v2\/media?parent=38"}],"curies":[{"name":"wp","href":"https:\/\/api.w.org\/{rel}","templated":true}]}}