{"id":310,"date":"2019-08-01T22:49:47","date_gmt":"2019-08-02T01:49:47","guid":{"rendered":"http:\/\/sef.ufms.br\/vii\/?page_id=310"},"modified":"2019-08-01T22:49:48","modified_gmt":"2019-08-02T01:49:48","slug":"trabajos","status":"publish","type":"page","link":"https:\/\/sef-cpan.ufms.br\/vii\/es\/trabajos\/","title":{"rendered":"Trabajos"},"content":{"rendered":"\n<p>Haga clic abajo para enviar tu trabajo.<\/p>\n\n\n\n<div class=\"wp-block-button\"><a class=\"wp-block-button__link has-background has-vivid-red-background-color\" href=\"https:\/\/docs.google.com\/forms\/d\/e\/1FAIpQLSeDsq8IFvgxHOo9CvYFNvrEOTUUeOpOMUkJCXjdcDT8AOdrnw\/viewform?usp=sf_link\">TRABAJO<\/a><\/div>\n\n\n\n<p><strong>Env\u00edo de trabajos completos<\/strong><\/p>\n\n\n\n<p>Se aceptar\u00e1n solamente trabajos completos (Grupos de\nEstudio), con hasta tres autores, que deber\u00e1n ser encaminados exclusivamente\npor el formulario en la p\u00e1gina del evento (https:\/\/sef-cpan.ufms.br\/vii), entre los\nd\u00edas 01\/05\/2019 y 15\/07\/2019. No se aceptar\u00e1n trabajos enviados fuera del\nplazo.<\/p>\n\n\n\n<p>Los aceptados ser\u00e1n divulgados hasta el 31\/08\/2019 v\u00eda\ncorreo electr\u00f3nico y divulgaci\u00f3n en la p\u00e1gina del evento. El trabajo s\u00f3lo ser\u00e1\npublicado en los anales del evento si se confirma el pago de la inscripci\u00f3n del\nautor principal.<\/p>\n\n\n\n<p>Anales del SEF: ISSN 2178-2245<\/p>\n\n\n\n<p><strong>Normas para trabajos completos <\/strong><\/p>\n\n\n\n<p><strong>Formato:<\/strong> en documento de Word (doc.); hoja de tama\u00f1o A4; letra\narial 12; espacio entre las l\u00edneas de 1,5; m\u00e1rgenes: superior e izquierda, 3,0\ncm, derecha e inferior 2 cm; retroceso de p\u00e1rrafo de 1,25 cm.<\/p>\n\n\n\n<p><strong>T\u00edtulo del trabajo<\/strong>: en may\u00fasculas, negrita y centralizada. Tambi\u00e9n\ntraducido al ingl\u00e9s y espa\u00f1ol (it\u00e1lico, iniciales may\u00fasculas y centralizado).<\/p>\n\n\n\n<p><strong>Identificaci\u00f3n del autor<\/strong> (es): deber\u00e1 ser en una p\u00e1gina apartada,\nconteniendo nombre y apellido, presentaci\u00f3n &#8211; formaci\u00f3n, titulaci\u00f3n,\ninstituci\u00f3n y e-mail) de cada uno de los componentes.<\/p>\n\n\n\n<p><strong>Tama\u00f1o del texto<\/strong>: entre 10 y 20 p\u00e1ginas. <\/p>\n\n\n\n<p>Es obligatorio la presentaci\u00f3n de <strong>res\u00famenes, <\/strong>entre 50 y 150 palabras, en\nlos idiomas<strong> portugu\u00e9s, ingl\u00e9s y espa\u00f1ol<\/strong>,\nconteniendo objetivos, metodolog\u00eda, resultados de investigaci\u00f3n y referencias\n(normativas da NBR 6023\/2018). <\/p>\n\n\n\n<p>Cada autor podr\u00e1 enviar hasta\ndos textos para an\u00e1lisis como autor principal y hasta tres, como coautor. Los\ntextos podr\u00e1n tener como m\u00e1ximo dos coautores.<\/p>\n\n\n\n<p>IMPORTANTE: Los art\u00edculos\ncompletos aprobados ser\u00e1n reunidos y presentados en grupos de trabajo (GTs),\noptimizando la discusi\u00f3n. Los p\u00f3steres ser\u00e1n presentados y evaluados durante el\nevento.<\/p>\n\n\n\n<p><strong>EJES TEM\u00c1TICOS<\/strong><\/p>\n\n\n\n<p>Eje 1 &#8211; Aspectos identitarios y discursivos en las fronteras: identidades, g\u00e9neros, diversidades, cultura, arte, literatura, comunicaci\u00f3n, salud, educaci\u00f3n, biling\u00fcismo.<br> Eje 2 &#8211; Movimientos de la poblaci\u00f3n hoy y en el pasado: migraciones, colonizaci\u00f3n, redes, historia y memoria.<br> Eje 3 &#8211; Territorios y territorialidades en las fronteras: integraci\u00f3n, desarrollo, pol\u00edticas p\u00fablicas, urbanizaci\u00f3n, comercio y desarrollo local.<br> Eje 4 &#8211; L\u00edmites estrat\u00e9gicos: geopol\u00edtica, soberan\u00eda y relaciones internacionales, globalizaci\u00f3n, seguridad p\u00fablica, conflicto y violencia.<br> Eje 5 &#8211; La naturaleza y sus usos: conservaci\u00f3n, sostenibilidad, turismo, frentes, reforma y otras din\u00e1micas agrarias (asentamientos, agro negocios, agricultura familiar).<\/p>\n\n\n\n<p><strong>P\u00d3STERES<\/strong><\/p>\n\n\n\n<p><strong>Presentaci\u00f3n de carteles (posters):<\/strong><\/p>\n\n\n\n<p>El p\u00f3ster debe ser elaborado en el tama\u00f1o 0,90 m de altura x 0,80 m de ancho, en dos o tres columnas, conteniendo el t\u00edtulo del Trabajo, el nombre de los autores con la sigla de sus respectivas instituciones de ense\u00f1anza. El p\u00f3ster ser\u00e1 expuesto en el lugar determinado por la comisi\u00f3n organizadora, durante el evento a ser divulgado en la programaci\u00f3n. Es responsabilidad de los autores proveer el p\u00f3ster en material adecuado (lona, pvc, glosspaper o similar) con cuerda para ser fijado. <\/p>\n\n\n\n<p>Al menos uno de los autores debe estar presente en la sesi\u00f3n de p\u00f3steres para presentarlos a los interesados y a la comisi\u00f3n juzgadora.<\/p>\n\n\n\n<p>Env\u00ede el resumen de su trabajo para presentarlo en modo p\u00f3ster hasta el 20\/08\/2019 a trav\u00e9s del bot\u00f3n a continuaci\u00f3n. Los res\u00famenes se publicar\u00e1n en los VII Anales de la SEF. <\/p>\n\n\n\n<div class=\"wp-block-button\"><a class=\"wp-block-button__link has-background has-vivid-red-background-color\" href=\"https:\/\/docs.google.com\/forms\/d\/e\/1FAIpQLSd59Rav5HlEWyGSSkuig_sfF8gF-nzDqIwrYED0AZ_T-qzj-w\/viewform?usp=sf_link\">RESUMO<\/a><\/div>\n\n\n\n<p>Haga clic abajo para bajar un modelo sugerido de p\u00f3ster para presentaci\u00f3n. Las recomendaciones no son obligatorias.<\/p>\n\n\n\n<div class=\"wp-block-button\"><a class=\"wp-block-button__link has-background has-luminous-vivid-amber-background-color\" href=\"https:\/\/sef-cpan.ufms.br\/vii\/template-poster-vii-sef\/\">MODELO<\/a><\/div>\n","protected":false},"excerpt":{"rendered":"<p>Haga clic abajo para enviar tu trabajo. Env\u00edo de trabajos completos Se aceptar\u00e1n solamente trabajos completos (Grupos de Estudio), con hasta tres autores, que deber\u00e1n ser encaminados exclusivamente por el formulario en la p\u00e1gina del evento<a class=\"moretag\" href=\"https:\/\/sef-cpan.ufms.br\/vii\/es\/trabajos\/\">Read More&#8230;<\/a><\/p>\n","protected":false},"author":2,"featured_media":0,"parent":0,"menu_order":0,"comment_status":"closed","ping_status":"closed","template":"","meta":{"footnotes":""},"yoast_head":"<!-- This site is optimized with the Yoast SEO plugin v23.1 - https:\/\/yoast.com\/wordpress\/plugins\/seo\/ -->\n<title>Trabajos - VII Semin\u00e1rio Internacional de Estudos Fronteiri\u00e7os<\/title>\n<meta name=\"description\" content=\"Envio de trabalhos completos\" \/>\n<meta name=\"robots\" content=\"index, follow, max-snippet:-1, max-image-preview:large, max-video-preview:-1\" \/>\n<link rel=\"canonical\" href=\"https:\/\/sef-cpan.ufms.br\/vii\/es\/trabajos\/\" \/>\n<meta property=\"og:locale\" content=\"pt_BR\" \/>\n<meta property=\"og:type\" content=\"article\" \/>\n<meta property=\"og:title\" content=\"Trabajos - VII Semin\u00e1rio Internacional de Estudos Fronteiri\u00e7os\" \/>\n<meta property=\"og:description\" content=\"Envio de trabalhos completos\" \/>\n<meta property=\"og:url\" content=\"https:\/\/sef-cpan.ufms.br\/vii\/es\/trabajos\/\" \/>\n<meta property=\"og:site_name\" content=\"VII Semin\u00e1rio Internacional de Estudos Fronteiri\u00e7os\" \/>\n<meta property=\"article:modified_time\" content=\"2019-08-02T01:49:48+00:00\" \/>\n<meta name=\"twitter:card\" content=\"summary_large_image\" \/>\n<meta name=\"twitter:label1\" content=\"Est. tempo de leitura\" \/>\n\t<meta name=\"twitter:data1\" content=\"3 minutos\" \/>\n<script type=\"application\/ld+json\" class=\"yoast-schema-graph\">{\"@context\":\"https:\/\/schema.org\",\"@graph\":[{\"@type\":\"WebPage\",\"@id\":\"https:\/\/sef-cpan.ufms.br\/vii\/es\/trabajos\/\",\"url\":\"https:\/\/sef-cpan.ufms.br\/vii\/es\/trabajos\/\",\"name\":\"Trabajos - VII Semin\u00e1rio Internacional de Estudos Fronteiri\u00e7os\",\"isPartOf\":{\"@id\":\"https:\/\/sef-cpan.ufms.br\/vii\/#website\"},\"datePublished\":\"2019-08-02T01:49:47+00:00\",\"dateModified\":\"2019-08-02T01:49:48+00:00\",\"description\":\"Envio de trabalhos completos\",\"breadcrumb\":{\"@id\":\"https:\/\/sef-cpan.ufms.br\/vii\/es\/trabajos\/#breadcrumb\"},\"inLanguage\":\"pt-BR\",\"potentialAction\":[{\"@type\":\"ReadAction\",\"target\":[\"https:\/\/sef-cpan.ufms.br\/vii\/es\/trabajos\/\"]}]},{\"@type\":\"BreadcrumbList\",\"@id\":\"https:\/\/sef-cpan.ufms.br\/vii\/es\/trabajos\/#breadcrumb\",\"itemListElement\":[{\"@type\":\"ListItem\",\"position\":1,\"name\":\"In\u00edcio\",\"item\":\"https:\/\/sef-cpan.ufms.br\/vii\/\"},{\"@type\":\"ListItem\",\"position\":2,\"name\":\"Trabajos\"}]},{\"@type\":\"WebSite\",\"@id\":\"https:\/\/sef-cpan.ufms.br\/vii\/#website\",\"url\":\"https:\/\/sef-cpan.ufms.br\/vii\/\",\"name\":\"VII Semin\u00e1rio Internacional de Estudos Fronteiri\u00e7os\",\"description\":\"Funda\u00e7\u00e3o Universidade Federal de Mato Grosso do Sul - C\u00e2mpus do Pantanal\",\"potentialAction\":[{\"@type\":\"SearchAction\",\"target\":{\"@type\":\"EntryPoint\",\"urlTemplate\":\"https:\/\/sef-cpan.ufms.br\/vii\/?s={search_term_string}\"},\"query-input\":\"required name=search_term_string\"}],\"inLanguage\":\"pt-BR\"}]}<\/script>\n<!-- \/ Yoast SEO plugin. -->","yoast_head_json":{"title":"Trabajos - VII Semin\u00e1rio Internacional de Estudos Fronteiri\u00e7os","description":"Envio de trabalhos completos","robots":{"index":"index","follow":"follow","max-snippet":"max-snippet:-1","max-image-preview":"max-image-preview:large","max-video-preview":"max-video-preview:-1"},"canonical":"https:\/\/sef-cpan.ufms.br\/vii\/es\/trabajos\/","og_locale":"pt_BR","og_type":"article","og_title":"Trabajos - VII Semin\u00e1rio Internacional de Estudos Fronteiri\u00e7os","og_description":"Envio de trabalhos completos","og_url":"https:\/\/sef-cpan.ufms.br\/vii\/es\/trabajos\/","og_site_name":"VII Semin\u00e1rio Internacional de Estudos Fronteiri\u00e7os","article_modified_time":"2019-08-02T01:49:48+00:00","twitter_card":"summary_large_image","twitter_misc":{"Est. tempo de leitura":"3 minutos"},"schema":{"@context":"https:\/\/schema.org","@graph":[{"@type":"WebPage","@id":"https:\/\/sef-cpan.ufms.br\/vii\/es\/trabajos\/","url":"https:\/\/sef-cpan.ufms.br\/vii\/es\/trabajos\/","name":"Trabajos - VII Semin\u00e1rio Internacional de Estudos Fronteiri\u00e7os","isPartOf":{"@id":"https:\/\/sef-cpan.ufms.br\/vii\/#website"},"datePublished":"2019-08-02T01:49:47+00:00","dateModified":"2019-08-02T01:49:48+00:00","description":"Envio de trabalhos completos","breadcrumb":{"@id":"https:\/\/sef-cpan.ufms.br\/vii\/es\/trabajos\/#breadcrumb"},"inLanguage":"pt-BR","potentialAction":[{"@type":"ReadAction","target":["https:\/\/sef-cpan.ufms.br\/vii\/es\/trabajos\/"]}]},{"@type":"BreadcrumbList","@id":"https:\/\/sef-cpan.ufms.br\/vii\/es\/trabajos\/#breadcrumb","itemListElement":[{"@type":"ListItem","position":1,"name":"In\u00edcio","item":"https:\/\/sef-cpan.ufms.br\/vii\/"},{"@type":"ListItem","position":2,"name":"Trabajos"}]},{"@type":"WebSite","@id":"https:\/\/sef-cpan.ufms.br\/vii\/#website","url":"https:\/\/sef-cpan.ufms.br\/vii\/","name":"VII Semin\u00e1rio Internacional de Estudos Fronteiri\u00e7os","description":"Funda\u00e7\u00e3o Universidade Federal de Mato Grosso do Sul - C\u00e2mpus do Pantanal","potentialAction":[{"@type":"SearchAction","target":{"@type":"EntryPoint","urlTemplate":"https:\/\/sef-cpan.ufms.br\/vii\/?s={search_term_string}"},"query-input":"required name=search_term_string"}],"inLanguage":"pt-BR"}]}},"_links":{"self":[{"href":"https:\/\/sef-cpan.ufms.br\/vii\/wp-json\/wp\/v2\/pages\/310"}],"collection":[{"href":"https:\/\/sef-cpan.ufms.br\/vii\/wp-json\/wp\/v2\/pages"}],"about":[{"href":"https:\/\/sef-cpan.ufms.br\/vii\/wp-json\/wp\/v2\/types\/page"}],"author":[{"embeddable":true,"href":"https:\/\/sef-cpan.ufms.br\/vii\/wp-json\/wp\/v2\/users\/2"}],"replies":[{"embeddable":true,"href":"https:\/\/sef-cpan.ufms.br\/vii\/wp-json\/wp\/v2\/comments?post=310"}],"version-history":[{"count":1,"href":"https:\/\/sef-cpan.ufms.br\/vii\/wp-json\/wp\/v2\/pages\/310\/revisions"}],"predecessor-version":[{"id":311,"href":"https:\/\/sef-cpan.ufms.br\/vii\/wp-json\/wp\/v2\/pages\/310\/revisions\/311"}],"wp:attachment":[{"href":"https:\/\/sef-cpan.ufms.br\/vii\/wp-json\/wp\/v2\/media?parent=310"}],"curies":[{"name":"wp","href":"https:\/\/api.w.org\/{rel}","templated":true}]}}