{"id":40,"date":"2017-05-19T16:13:35","date_gmt":"2017-05-19T19:13:35","guid":{"rendered":"http:\/\/sef.ufms.br\/vi\/?page_id=40"},"modified":"2017-05-19T16:20:08","modified_gmt":"2017-05-19T19:20:08","slug":"sobre-corumba","status":"publish","type":"page","link":"https:\/\/sef-cpan.ufms.br\/vi\/vi-seminario-de-estudos-fronteiricos\/sobre-corumba\/","title":{"rendered":"Sobre Corumb\u00e1"},"content":{"rendered":"<p style=\"text-align: justify;\">Corumb\u00e1 situa-se na regi\u00e3o extrema oeste de Mato Grosso do Sul e do Brasil. Rodeadas pela beleza \u00edmpar do Pantanal e pela n\u00e3o menos bela morraria do Urucum e Jacadigo. Dentro do territ\u00f3rio nacional a cidade mais pr\u00f3xima esta situada a quase duzentos quil\u00f4metros (Miranda), quatrocentos quil\u00f4metros da Capital do Estado (Campo Grande). Por outro lado, distanciam-se de Puerto Quijarro, menos de cinco quil\u00f4metros, e menos de quinze de Puerto Suarez, ambas as cidades da Bol\u00edvia. Corumb\u00e1 \u00e9 reconhecida por suas belezas naturais, o turismo contemplativo e predat\u00f3rio al\u00e9m de abrigar empresas de minera\u00e7\u00e3o e cimento que lhe conferem, portanto uma grande circula\u00e7\u00e3o de pessoas das mais diversas origens.<\/p>\n<p style=\"text-align: justify;\"><iframe loading=\"lazy\"  style=\"display: block; margin: 0px auto;\"  id=\"_ytid_89328\"  width=\"604\" height=\"340\"  data-origwidth=\"604\" data-origheight=\"340\" src=\"https:\/\/www.youtube.com\/embed\/Cs6EwbBQhCk?enablejsapi=1&autoplay=0&cc_load_policy=0&cc_lang_pref=&iv_load_policy=1&loop=0&modestbranding=0&rel=1&fs=1&playsinline=0&autohide=2&theme=dark&color=red&controls=1&\" class=\"__youtube_prefs__  no-lazyload\" title=\"YouTube player\"  allow=\"fullscreen; accelerometer; autoplay; clipboard-write; encrypted-media; gyroscope; picture-in-picture\" allowfullscreen data-no-lazy=\"1\" data-skipgform_ajax_framebjll=\"\"><\/iframe>\n<p style=\"text-align: justify;\">\n","protected":false},"excerpt":{"rendered":"<p>Corumb\u00e1 situa-se na regi\u00e3o extrema oeste de Mato Grosso do Sul e do Brasil. Rodeadas pela beleza \u00edmpar do Pantanal e pela n\u00e3o menos bela morraria do Urucum e Jacadigo. Dentro do territ\u00f3rio nacional a cidade<a class=\"moretag\" href=\"https:\/\/sef-cpan.ufms.br\/vi\/vi-seminario-de-estudos-fronteiricos\/sobre-corumba\/\">Read More&#8230;<\/a><\/p>\n","protected":false},"author":1,"featured_media":0,"parent":9,"menu_order":0,"comment_status":"closed","ping_status":"closed","template":"","meta":{"footnotes":""},"yoast_head":"<!-- This site is optimized with the Yoast SEO plugin v23.1 - https:\/\/yoast.com\/wordpress\/plugins\/seo\/ -->\n<title>Sobre Corumb\u00e1 - VI Semin\u00e1rio de Estudos Fronteiri\u00e7os \u2013 2017<\/title>\n<meta name=\"robots\" content=\"index, follow, max-snippet:-1, max-image-preview:large, max-video-preview:-1\" \/>\n<link rel=\"canonical\" href=\"https:\/\/sef-cpan.ufms.br\/vi\/vi-seminario-de-estudos-fronteiricos\/sobre-corumba\/\" \/>\n<meta property=\"og:locale\" content=\"pt_BR\" \/>\n<meta property=\"og:type\" content=\"article\" \/>\n<meta property=\"og:title\" content=\"Sobre Corumb\u00e1 - VI Semin\u00e1rio de Estudos Fronteiri\u00e7os \u2013 2017\" \/>\n<meta property=\"og:description\" content=\"Corumb\u00e1 situa-se na regi\u00e3o extrema oeste de Mato Grosso do Sul e do Brasil. Rodeadas pela beleza \u00edmpar do Pantanal e pela n\u00e3o menos bela morraria do Urucum e Jacadigo. Dentro do territ\u00f3rio nacional a cidadeRead More...\" \/>\n<meta property=\"og:url\" content=\"https:\/\/sef-cpan.ufms.br\/vi\/vi-seminario-de-estudos-fronteiricos\/sobre-corumba\/\" \/>\n<meta property=\"og:site_name\" content=\"VI Semin\u00e1rio de Estudos Fronteiri\u00e7os \u2013 2017\" \/>\n<meta property=\"article:modified_time\" content=\"2017-05-19T19:20:08+00:00\" \/>\n<meta name=\"twitter:card\" content=\"summary_large_image\" \/>\n<meta name=\"twitter:label1\" content=\"Est. tempo de leitura\" \/>\n\t<meta name=\"twitter:data1\" content=\"1 minuto\" \/>\n<script type=\"application\/ld+json\" class=\"yoast-schema-graph\">{\"@context\":\"https:\/\/schema.org\",\"@graph\":[{\"@type\":\"WebPage\",\"@id\":\"https:\/\/sef-cpan.ufms.br\/vi\/vi-seminario-de-estudos-fronteiricos\/sobre-corumba\/\",\"url\":\"https:\/\/sef-cpan.ufms.br\/vi\/vi-seminario-de-estudos-fronteiricos\/sobre-corumba\/\",\"name\":\"Sobre Corumb\u00e1 - VI Semin\u00e1rio de Estudos Fronteiri\u00e7os \u2013 2017\",\"isPartOf\":{\"@id\":\"https:\/\/sef-cpan.ufms.br\/vi\/#website\"},\"datePublished\":\"2017-05-19T19:13:35+00:00\",\"dateModified\":\"2017-05-19T19:20:08+00:00\",\"breadcrumb\":{\"@id\":\"https:\/\/sef-cpan.ufms.br\/vi\/vi-seminario-de-estudos-fronteiricos\/sobre-corumba\/#breadcrumb\"},\"inLanguage\":\"pt-BR\",\"potentialAction\":[{\"@type\":\"ReadAction\",\"target\":[\"https:\/\/sef-cpan.ufms.br\/vi\/vi-seminario-de-estudos-fronteiricos\/sobre-corumba\/\"]}]},{\"@type\":\"BreadcrumbList\",\"@id\":\"https:\/\/sef-cpan.ufms.br\/vi\/vi-seminario-de-estudos-fronteiricos\/sobre-corumba\/#breadcrumb\",\"itemListElement\":[{\"@type\":\"ListItem\",\"position\":1,\"name\":\"In\u00edcio\",\"item\":\"https:\/\/sef-cpan.ufms.br\/vi\/\"},{\"@type\":\"ListItem\",\"position\":2,\"name\":\"VI Semin\u00e1rio de Estudos Fronteiri\u00e7os &#8211; 2017\",\"item\":\"https:\/\/sef-cpan.ufms.br\/vi\/\"},{\"@type\":\"ListItem\",\"position\":3,\"name\":\"Sobre Corumb\u00e1\"}]},{\"@type\":\"WebSite\",\"@id\":\"https:\/\/sef-cpan.ufms.br\/vi\/#website\",\"url\":\"https:\/\/sef-cpan.ufms.br\/vi\/\",\"name\":\"VI Semin\u00e1rio de Estudos Fronteiri\u00e7os \u2013 2017\",\"description\":\"O VI Semin\u00e1rio de Estudos Fronteiri\u00e7os acontecer\u00e1 na cidade de Corumb\u00e1, no campus da Universidade Federal de Mato Grosso do Sul, em 10\/2017\",\"potentialAction\":[{\"@type\":\"SearchAction\",\"target\":{\"@type\":\"EntryPoint\",\"urlTemplate\":\"https:\/\/sef-cpan.ufms.br\/vi\/?s={search_term_string}\"},\"query-input\":\"required name=search_term_string\"}],\"inLanguage\":\"pt-BR\"}]}<\/script>\n<!-- \/ Yoast SEO plugin. -->","yoast_head_json":{"title":"Sobre Corumb\u00e1 - VI Semin\u00e1rio de Estudos Fronteiri\u00e7os \u2013 2017","robots":{"index":"index","follow":"follow","max-snippet":"max-snippet:-1","max-image-preview":"max-image-preview:large","max-video-preview":"max-video-preview:-1"},"canonical":"https:\/\/sef-cpan.ufms.br\/vi\/vi-seminario-de-estudos-fronteiricos\/sobre-corumba\/","og_locale":"pt_BR","og_type":"article","og_title":"Sobre Corumb\u00e1 - VI Semin\u00e1rio de Estudos Fronteiri\u00e7os \u2013 2017","og_description":"Corumb\u00e1 situa-se na regi\u00e3o extrema oeste de Mato Grosso do Sul e do Brasil. Rodeadas pela beleza \u00edmpar do Pantanal e pela n\u00e3o menos bela morraria do Urucum e Jacadigo. Dentro do territ\u00f3rio nacional a cidadeRead More...","og_url":"https:\/\/sef-cpan.ufms.br\/vi\/vi-seminario-de-estudos-fronteiricos\/sobre-corumba\/","og_site_name":"VI Semin\u00e1rio de Estudos Fronteiri\u00e7os \u2013 2017","article_modified_time":"2017-05-19T19:20:08+00:00","twitter_card":"summary_large_image","twitter_misc":{"Est. tempo de leitura":"1 minuto"},"schema":{"@context":"https:\/\/schema.org","@graph":[{"@type":"WebPage","@id":"https:\/\/sef-cpan.ufms.br\/vi\/vi-seminario-de-estudos-fronteiricos\/sobre-corumba\/","url":"https:\/\/sef-cpan.ufms.br\/vi\/vi-seminario-de-estudos-fronteiricos\/sobre-corumba\/","name":"Sobre Corumb\u00e1 - VI Semin\u00e1rio de Estudos Fronteiri\u00e7os \u2013 2017","isPartOf":{"@id":"https:\/\/sef-cpan.ufms.br\/vi\/#website"},"datePublished":"2017-05-19T19:13:35+00:00","dateModified":"2017-05-19T19:20:08+00:00","breadcrumb":{"@id":"https:\/\/sef-cpan.ufms.br\/vi\/vi-seminario-de-estudos-fronteiricos\/sobre-corumba\/#breadcrumb"},"inLanguage":"pt-BR","potentialAction":[{"@type":"ReadAction","target":["https:\/\/sef-cpan.ufms.br\/vi\/vi-seminario-de-estudos-fronteiricos\/sobre-corumba\/"]}]},{"@type":"BreadcrumbList","@id":"https:\/\/sef-cpan.ufms.br\/vi\/vi-seminario-de-estudos-fronteiricos\/sobre-corumba\/#breadcrumb","itemListElement":[{"@type":"ListItem","position":1,"name":"In\u00edcio","item":"https:\/\/sef-cpan.ufms.br\/vi\/"},{"@type":"ListItem","position":2,"name":"VI Semin\u00e1rio de Estudos Fronteiri\u00e7os &#8211; 2017","item":"https:\/\/sef-cpan.ufms.br\/vi\/"},{"@type":"ListItem","position":3,"name":"Sobre Corumb\u00e1"}]},{"@type":"WebSite","@id":"https:\/\/sef-cpan.ufms.br\/vi\/#website","url":"https:\/\/sef-cpan.ufms.br\/vi\/","name":"VI Semin\u00e1rio de Estudos Fronteiri\u00e7os \u2013 2017","description":"O VI Semin\u00e1rio de Estudos Fronteiri\u00e7os acontecer\u00e1 na cidade de Corumb\u00e1, no campus da Universidade Federal de Mato Grosso do Sul, em 10\/2017","potentialAction":[{"@type":"SearchAction","target":{"@type":"EntryPoint","urlTemplate":"https:\/\/sef-cpan.ufms.br\/vi\/?s={search_term_string}"},"query-input":"required name=search_term_string"}],"inLanguage":"pt-BR"}]}},"_links":{"self":[{"href":"https:\/\/sef-cpan.ufms.br\/vi\/wp-json\/wp\/v2\/pages\/40"}],"collection":[{"href":"https:\/\/sef-cpan.ufms.br\/vi\/wp-json\/wp\/v2\/pages"}],"about":[{"href":"https:\/\/sef-cpan.ufms.br\/vi\/wp-json\/wp\/v2\/types\/page"}],"author":[{"embeddable":true,"href":"https:\/\/sef-cpan.ufms.br\/vi\/wp-json\/wp\/v2\/users\/1"}],"replies":[{"embeddable":true,"href":"https:\/\/sef-cpan.ufms.br\/vi\/wp-json\/wp\/v2\/comments?post=40"}],"version-history":[{"count":2,"href":"https:\/\/sef-cpan.ufms.br\/vi\/wp-json\/wp\/v2\/pages\/40\/revisions"}],"predecessor-version":[{"id":43,"href":"https:\/\/sef-cpan.ufms.br\/vi\/wp-json\/wp\/v2\/pages\/40\/revisions\/43"}],"up":[{"embeddable":true,"href":"https:\/\/sef-cpan.ufms.br\/vi\/wp-json\/wp\/v2\/pages\/9"}],"wp:attachment":[{"href":"https:\/\/sef-cpan.ufms.br\/vi\/wp-json\/wp\/v2\/media?parent=40"}],"curies":[{"name":"wp","href":"https:\/\/api.w.org\/{rel}","templated":true}]}}