{"id":27,"date":"2017-05-19T15:54:58","date_gmt":"2017-05-19T18:54:58","guid":{"rendered":"http:\/\/sef.ufms.br\/vi\/?page_id=27"},"modified":"2017-05-19T15:57:10","modified_gmt":"2017-05-19T18:57:10","slug":"organizacao","status":"publish","type":"page","link":"https:\/\/sef-cpan.ufms.br\/vi\/organizacao\/","title":{"rendered":"Organiza\u00e7\u00e3o"},"content":{"rendered":"<p><strong>COMISS\u00c3O ORGANIZADORA<\/strong><\/p>\n<table>\n<tbody>\n<tr>\n<td width=\"282\"><strong>Nome <\/strong><\/td>\n<td width=\"282\"><strong>Institui\u00e7\u00e3o <\/strong><\/td>\n<\/tr>\n<tr>\n<td width=\"282\">Adriana Dorfman<\/td>\n<td width=\"282\">UFRGS &#8211; Unbral Fronteiras<\/td>\n<\/tr>\n<tr>\n<td width=\"282\">Alex Jorge das Neves<\/td>\n<td width=\"282\">SSP da Sec. Seg. P\u00fab. de Goi\u00e1s<\/td>\n<\/tr>\n<tr>\n<td width=\"282\">Aguinaldo Silva<\/td>\n<td width=\"282\">UFMS<\/td>\n<\/tr>\n<tr>\n<td width=\"282\">Beatriz Lima de Paula Silva<\/td>\n<td width=\"282\">UFMS<\/td>\n<\/tr>\n<tr>\n<td width=\"282\">Edgar Aparecido da Costa<\/td>\n<td width=\"282\">UFMS<\/td>\n<\/tr>\n<tr>\n<td width=\"282\">Luciano \u00c9dipo Pereira da Silva<\/td>\n<td width=\"282\">UFMS<\/td>\n<\/tr>\n<tr>\n<td width=\"282\">Karla Maria M\u00fcller<\/td>\n<td width=\"282\">UFRGS &#8211; Unbral Fronteiras<\/td>\n<\/tr>\n<tr>\n<td width=\"282\">Rebeca Steiman<\/td>\n<td width=\"282\">UFRJ \u2013 Grupo Retis<\/td>\n<\/tr>\n<\/tbody>\n<\/table>\n","protected":false},"excerpt":{"rendered":"<p>COMISS\u00c3O ORGANIZADORA Nome Institui\u00e7\u00e3o Adriana Dorfman UFRGS &#8211; Unbral Fronteiras Alex Jorge das Neves SSP da Sec. Seg. P\u00fab. de Goi\u00e1s Aguinaldo Silva UFMS Beatriz Lima de Paula Silva UFMS Edgar Aparecido da Costa UFMS Luciano<a class=\"moretag\" href=\"https:\/\/sef-cpan.ufms.br\/vi\/organizacao\/\">Read More&#8230;<\/a><\/p>\n","protected":false},"author":1,"featured_media":0,"parent":0,"menu_order":0,"comment_status":"closed","ping_status":"closed","template":"","meta":{"footnotes":""},"yoast_head":"<!-- This site is optimized with the Yoast SEO plugin v23.1 - https:\/\/yoast.com\/wordpress\/plugins\/seo\/ -->\n<title>Organiza\u00e7\u00e3o - VI Semin\u00e1rio de Estudos Fronteiri\u00e7os \u2013 2017<\/title>\n<meta name=\"robots\" content=\"index, follow, max-snippet:-1, max-image-preview:large, max-video-preview:-1\" \/>\n<link rel=\"canonical\" href=\"https:\/\/sef-cpan.ufms.br\/vi\/organizacao\/\" \/>\n<meta property=\"og:locale\" content=\"pt_BR\" \/>\n<meta property=\"og:type\" content=\"article\" \/>\n<meta property=\"og:title\" content=\"Organiza\u00e7\u00e3o - VI Semin\u00e1rio de Estudos Fronteiri\u00e7os \u2013 2017\" \/>\n<meta property=\"og:description\" content=\"COMISS\u00c3O ORGANIZADORA Nome Institui\u00e7\u00e3o Adriana Dorfman UFRGS &#8211; Unbral Fronteiras Alex Jorge das Neves SSP da Sec. Seg. P\u00fab. de Goi\u00e1s Aguinaldo Silva UFMS Beatriz Lima de Paula Silva UFMS Edgar Aparecido da Costa UFMS LucianoRead More...\" \/>\n<meta property=\"og:url\" content=\"https:\/\/sef-cpan.ufms.br\/vi\/organizacao\/\" \/>\n<meta property=\"og:site_name\" content=\"VI Semin\u00e1rio de Estudos Fronteiri\u00e7os \u2013 2017\" \/>\n<meta property=\"article:modified_time\" content=\"2017-05-19T18:57:10+00:00\" \/>\n<meta name=\"twitter:card\" content=\"summary_large_image\" \/>\n<script type=\"application\/ld+json\" class=\"yoast-schema-graph\">{\"@context\":\"https:\/\/schema.org\",\"@graph\":[{\"@type\":\"WebPage\",\"@id\":\"https:\/\/sef-cpan.ufms.br\/vi\/organizacao\/\",\"url\":\"https:\/\/sef-cpan.ufms.br\/vi\/organizacao\/\",\"name\":\"Organiza\u00e7\u00e3o - VI Semin\u00e1rio de Estudos Fronteiri\u00e7os \u2013 2017\",\"isPartOf\":{\"@id\":\"https:\/\/sef-cpan.ufms.br\/vi\/#website\"},\"datePublished\":\"2017-05-19T18:54:58+00:00\",\"dateModified\":\"2017-05-19T18:57:10+00:00\",\"breadcrumb\":{\"@id\":\"https:\/\/sef-cpan.ufms.br\/vi\/organizacao\/#breadcrumb\"},\"inLanguage\":\"pt-BR\",\"potentialAction\":[{\"@type\":\"ReadAction\",\"target\":[\"https:\/\/sef-cpan.ufms.br\/vi\/organizacao\/\"]}]},{\"@type\":\"BreadcrumbList\",\"@id\":\"https:\/\/sef-cpan.ufms.br\/vi\/organizacao\/#breadcrumb\",\"itemListElement\":[{\"@type\":\"ListItem\",\"position\":1,\"name\":\"In\u00edcio\",\"item\":\"https:\/\/sef-cpan.ufms.br\/vi\/\"},{\"@type\":\"ListItem\",\"position\":2,\"name\":\"Organiza\u00e7\u00e3o\"}]},{\"@type\":\"WebSite\",\"@id\":\"https:\/\/sef-cpan.ufms.br\/vi\/#website\",\"url\":\"https:\/\/sef-cpan.ufms.br\/vi\/\",\"name\":\"VI Semin\u00e1rio de Estudos Fronteiri\u00e7os \u2013 2017\",\"description\":\"O VI Semin\u00e1rio de Estudos Fronteiri\u00e7os acontecer\u00e1 na cidade de Corumb\u00e1, no campus da Universidade Federal de Mato Grosso do Sul, em 10\/2017\",\"potentialAction\":[{\"@type\":\"SearchAction\",\"target\":{\"@type\":\"EntryPoint\",\"urlTemplate\":\"https:\/\/sef-cpan.ufms.br\/vi\/?s={search_term_string}\"},\"query-input\":\"required name=search_term_string\"}],\"inLanguage\":\"pt-BR\"}]}<\/script>\n<!-- \/ Yoast SEO plugin. -->","yoast_head_json":{"title":"Organiza\u00e7\u00e3o - VI Semin\u00e1rio de Estudos Fronteiri\u00e7os \u2013 2017","robots":{"index":"index","follow":"follow","max-snippet":"max-snippet:-1","max-image-preview":"max-image-preview:large","max-video-preview":"max-video-preview:-1"},"canonical":"https:\/\/sef-cpan.ufms.br\/vi\/organizacao\/","og_locale":"pt_BR","og_type":"article","og_title":"Organiza\u00e7\u00e3o - VI Semin\u00e1rio de Estudos Fronteiri\u00e7os \u2013 2017","og_description":"COMISS\u00c3O ORGANIZADORA Nome Institui\u00e7\u00e3o Adriana Dorfman UFRGS &#8211; Unbral Fronteiras Alex Jorge das Neves SSP da Sec. Seg. P\u00fab. de Goi\u00e1s Aguinaldo Silva UFMS Beatriz Lima de Paula Silva UFMS Edgar Aparecido da Costa UFMS LucianoRead More...","og_url":"https:\/\/sef-cpan.ufms.br\/vi\/organizacao\/","og_site_name":"VI Semin\u00e1rio de Estudos Fronteiri\u00e7os \u2013 2017","article_modified_time":"2017-05-19T18:57:10+00:00","twitter_card":"summary_large_image","schema":{"@context":"https:\/\/schema.org","@graph":[{"@type":"WebPage","@id":"https:\/\/sef-cpan.ufms.br\/vi\/organizacao\/","url":"https:\/\/sef-cpan.ufms.br\/vi\/organizacao\/","name":"Organiza\u00e7\u00e3o - VI Semin\u00e1rio de Estudos Fronteiri\u00e7os \u2013 2017","isPartOf":{"@id":"https:\/\/sef-cpan.ufms.br\/vi\/#website"},"datePublished":"2017-05-19T18:54:58+00:00","dateModified":"2017-05-19T18:57:10+00:00","breadcrumb":{"@id":"https:\/\/sef-cpan.ufms.br\/vi\/organizacao\/#breadcrumb"},"inLanguage":"pt-BR","potentialAction":[{"@type":"ReadAction","target":["https:\/\/sef-cpan.ufms.br\/vi\/organizacao\/"]}]},{"@type":"BreadcrumbList","@id":"https:\/\/sef-cpan.ufms.br\/vi\/organizacao\/#breadcrumb","itemListElement":[{"@type":"ListItem","position":1,"name":"In\u00edcio","item":"https:\/\/sef-cpan.ufms.br\/vi\/"},{"@type":"ListItem","position":2,"name":"Organiza\u00e7\u00e3o"}]},{"@type":"WebSite","@id":"https:\/\/sef-cpan.ufms.br\/vi\/#website","url":"https:\/\/sef-cpan.ufms.br\/vi\/","name":"VI Semin\u00e1rio de Estudos Fronteiri\u00e7os \u2013 2017","description":"O VI Semin\u00e1rio de Estudos Fronteiri\u00e7os acontecer\u00e1 na cidade de Corumb\u00e1, no campus da Universidade Federal de Mato Grosso do Sul, em 10\/2017","potentialAction":[{"@type":"SearchAction","target":{"@type":"EntryPoint","urlTemplate":"https:\/\/sef-cpan.ufms.br\/vi\/?s={search_term_string}"},"query-input":"required name=search_term_string"}],"inLanguage":"pt-BR"}]}},"_links":{"self":[{"href":"https:\/\/sef-cpan.ufms.br\/vi\/wp-json\/wp\/v2\/pages\/27"}],"collection":[{"href":"https:\/\/sef-cpan.ufms.br\/vi\/wp-json\/wp\/v2\/pages"}],"about":[{"href":"https:\/\/sef-cpan.ufms.br\/vi\/wp-json\/wp\/v2\/types\/page"}],"author":[{"embeddable":true,"href":"https:\/\/sef-cpan.ufms.br\/vi\/wp-json\/wp\/v2\/users\/1"}],"replies":[{"embeddable":true,"href":"https:\/\/sef-cpan.ufms.br\/vi\/wp-json\/wp\/v2\/comments?post=27"}],"version-history":[{"count":2,"href":"https:\/\/sef-cpan.ufms.br\/vi\/wp-json\/wp\/v2\/pages\/27\/revisions"}],"predecessor-version":[{"id":30,"href":"https:\/\/sef-cpan.ufms.br\/vi\/wp-json\/wp\/v2\/pages\/27\/revisions\/30"}],"wp:attachment":[{"href":"https:\/\/sef-cpan.ufms.br\/vi\/wp-json\/wp\/v2\/media?parent=27"}],"curies":[{"name":"wp","href":"https:\/\/api.w.org\/{rel}","templated":true}]}}